{"id":5266,"date":"2026-01-12T09:09:45","date_gmt":"2026-01-12T08:09:45","guid":{"rendered":"https:\/\/espace-chirurgie.ch\/?post_type=sht_areas&#038;p=5266"},"modified":"2026-01-12T09:27:08","modified_gmt":"2026-01-12T08:27:08","slug":"plaies-chroniques-2","status":"publish","type":"sht_areas","link":"https:\/\/espace-chirurgie.ch\/fr\/arbeitsgebiet\/plaies-chroniques-2\/","title":{"rendered":"Plaies chroniques"},"content":{"rendered":"\n<p>Les plaies chroniques font partie des sympt\u00f4mes les plus fr\u00e9quents. Elles apparaissent en particulier sur les jambes et, malheureusement, elles sont souvent longues \u00e0 gu\u00e9rir. Nous le savons et nous passons volontiers du temps avec nos patients.<\/p>\n\n\n\n<p>La plupart du temps ce sont les personnes \u00e2g\u00e9es et malades qui sont touch\u00e9es par les plaies chroniques. Il est tr\u00e8s fr\u00e9quent qu&rsquo;il n&rsquo;y ait pas de cause particuli\u00e8re aux sympt\u00f4mes mais que plusieurs pathologies y participent. Les patients atteints de diab\u00e8te sucr\u00e9, d&rsquo;art\u00e9riopathie oblit\u00e9rante des membres inf\u00e9rieurs (maladie occlusive art\u00e9rielle p\u00e9riph\u00e9rique) et d&rsquo;oed\u00e8me lymphatique chronique (stase lymphatique) souffrent tr\u00e8s fr\u00e9quemment de difficult\u00e9s de cicatrisation. Chez ces personnes, une blessure mineure peut d\u00e9j\u00e0 donner lieu \u00e0 une plaie qui ne gu\u00e9rit pas.<\/p>\n\n\n\n<h2 class=\"wp-block-heading\">Traitements<\/h2>\n\n\n\n<p>Un traitement efficace des plaies chroniques consiste \u00e0 traiter le plus efficacement possible non seulement la plaie proprement dite mais aussi les pathologies de base. C&rsquo;est la raison pour laquelle, pour les plaies chroniques, nous travaillons toujours avec des partenaires sp\u00e9cialis\u00e9s (infectiologues, diab\u00e9tologues, angiologues et kin\u00e9sith\u00e9rapeutes).<\/p>\n\n\n\n<p>Nous \u00e9valuons les plaies, si n\u00e9cessaire nous les nettoyons m\u00e9caniquement localement puis nous les traitons avec des pansements modernes (p. ex. alginates ou pansement par pression n\u00e9gative). Nous utilisons \u00e9galement des produits traditionnels et \u00ab red\u00e9couverts \u00bb tels que le miel m\u00e9dicinal.<\/p>\n\n\n\n<p><em>Mesures suppl\u00e9mentaires :<\/em><\/p>\n\n\n\n<p>Les autres traitements que nous prescrivons sont les drainages lymphatiques, une am\u00e9lioration de la vascularisation ou l&rsquo;optimisation des Zucker-Medikamente. Pour ces traitements, nous vous adressons \u00e0 des coll\u00e8gues sp\u00e9cialis\u00e9s.<\/p>\n","protected":false},"template":"","sht_areas_category":[43],"class_list":["post-5266","sht_areas","type-sht_areas","status-publish","hentry"],"acf":[],"yoast_head":"<!-- This site is optimized with the Yoast SEO plugin v27.4 - https:\/\/yoast.com\/product\/yoast-seo-wordpress\/ -->\n<title>Plaies chroniques &#8211; Espace Chirurgie<\/title>\n<meta name=\"robots\" content=\"index, follow, max-snippet:-1, max-image-preview:large, max-video-preview:-1\" \/>\n<link rel=\"canonical\" href=\"https:\/\/espace-chirurgie.ch\/fr\/arbeitsgebiet\/plaies-chroniques-2\/\" \/>\n<meta property=\"og:locale\" content=\"fr_FR\" \/>\n<meta property=\"og:type\" content=\"article\" \/>\n<meta property=\"og:title\" content=\"Plaies chroniques &#8211; Espace Chirurgie\" \/>\n<meta property=\"og:description\" content=\"Les plaies chroniques font partie des sympt\u00f4mes les plus fr\u00e9quents. Elles apparaissent en particulier sur...\" \/>\n<meta property=\"og:url\" content=\"https:\/\/espace-chirurgie.ch\/fr\/arbeitsgebiet\/plaies-chroniques-2\/\" \/>\n<meta property=\"og:site_name\" content=\"Espace Chirurgie\" \/>\n<meta property=\"article:publisher\" content=\"https:\/\/www.facebook.com\/espacechirurgie\" \/>\n<meta property=\"article:modified_time\" content=\"2026-01-12T08:27:08+00:00\" \/>\n<meta name=\"twitter:card\" content=\"summary_large_image\" \/>\n<meta name=\"twitter:label1\" content=\"Dur\u00e9e de lecture estim\u00e9e\" \/>\n\t<meta name=\"twitter:data1\" content=\"2 minutes\" \/>\n<script type=\"application\/ld+json\" class=\"yoast-schema-graph\">{\"@context\":\"https:\\\/\\\/schema.org\",\"@graph\":[{\"@type\":\"WebPage\",\"@id\":\"https:\\\/\\\/espace-chirurgie.ch\\\/fr\\\/arbeitsgebiet\\\/plaies-chroniques-2\\\/\",\"url\":\"https:\\\/\\\/espace-chirurgie.ch\\\/fr\\\/arbeitsgebiet\\\/plaies-chroniques-2\\\/\",\"name\":\"Plaies chroniques &#8211; Espace Chirurgie\",\"isPartOf\":{\"@id\":\"https:\\\/\\\/espace-chirurgie.ch\\\/fr\\\/#website\"},\"datePublished\":\"2026-01-12T08:09:45+00:00\",\"dateModified\":\"2026-01-12T08:27:08+00:00\",\"breadcrumb\":{\"@id\":\"https:\\\/\\\/espace-chirurgie.ch\\\/fr\\\/arbeitsgebiet\\\/plaies-chroniques-2\\\/#breadcrumb\"},\"inLanguage\":\"fr-FR\",\"potentialAction\":[{\"@type\":\"ReadAction\",\"target\":[\"https:\\\/\\\/espace-chirurgie.ch\\\/fr\\\/arbeitsgebiet\\\/plaies-chroniques-2\\\/\"]}]},{\"@type\":\"BreadcrumbList\",\"@id\":\"https:\\\/\\\/espace-chirurgie.ch\\\/fr\\\/arbeitsgebiet\\\/plaies-chroniques-2\\\/#breadcrumb\",\"itemListElement\":[{\"@type\":\"ListItem\",\"position\":1,\"name\":\"Startseite\",\"item\":\"https:\\\/\\\/espace-chirurgie.ch\\\/fr\\\/\"},{\"@type\":\"ListItem\",\"position\":2,\"name\":\"Plaies chroniques\"}]},{\"@type\":\"WebSite\",\"@id\":\"https:\\\/\\\/espace-chirurgie.ch\\\/fr\\\/#website\",\"url\":\"https:\\\/\\\/espace-chirurgie.ch\\\/fr\\\/\",\"name\":\"Espace Chirurgie\",\"description\":\"Zentrum mit modernster und qualitativ hochwertiger chirurgischer Behandlung.\",\"publisher\":{\"@id\":\"https:\\\/\\\/espace-chirurgie.ch\\\/fr\\\/#organization\"},\"potentialAction\":[{\"@type\":\"SearchAction\",\"target\":{\"@type\":\"EntryPoint\",\"urlTemplate\":\"https:\\\/\\\/espace-chirurgie.ch\\\/fr\\\/?s={search_term_string}\"},\"query-input\":{\"@type\":\"PropertyValueSpecification\",\"valueRequired\":true,\"valueName\":\"search_term_string\"}}],\"inLanguage\":\"fr-FR\"},{\"@type\":\"Organization\",\"@id\":\"https:\\\/\\\/espace-chirurgie.ch\\\/fr\\\/#organization\",\"name\":\"Espace Chirurgie\",\"url\":\"https:\\\/\\\/espace-chirurgie.ch\\\/fr\\\/\",\"logo\":{\"@type\":\"ImageObject\",\"inLanguage\":\"fr-FR\",\"@id\":\"https:\\\/\\\/espace-chirurgie.ch\\\/fr\\\/#\\\/schema\\\/logo\\\/image\\\/\",\"url\":\"https:\\\/\\\/espace-chirurgie.ch\\\/wp-content\\\/uploads\\\/2019\\\/06\\\/espace-chirurgie-logo.svg\",\"contentUrl\":\"https:\\\/\\\/espace-chirurgie.ch\\\/wp-content\\\/uploads\\\/2019\\\/06\\\/espace-chirurgie-logo.svg\",\"width\":403,\"height\":86,\"caption\":\"Espace Chirurgie\"},\"image\":{\"@id\":\"https:\\\/\\\/espace-chirurgie.ch\\\/fr\\\/#\\\/schema\\\/logo\\\/image\\\/\"},\"sameAs\":[\"https:\\\/\\\/www.facebook.com\\\/espacechirurgie\",\"https:\\\/\\\/www.linkedin.com\\\/company\\\/espace-chirurgie\\\/\"]}]}<\/script>\n<!-- \/ Yoast SEO plugin. -->","yoast_head_json":{"title":"Plaies chroniques &#8211; Espace Chirurgie","robots":{"index":"index","follow":"follow","max-snippet":"max-snippet:-1","max-image-preview":"max-image-preview:large","max-video-preview":"max-video-preview:-1"},"canonical":"https:\/\/espace-chirurgie.ch\/fr\/arbeitsgebiet\/plaies-chroniques-2\/","og_locale":"fr_FR","og_type":"article","og_title":"Plaies chroniques &#8211; Espace Chirurgie","og_description":"Les plaies chroniques font partie des sympt\u00f4mes les plus fr\u00e9quents. Elles apparaissent en particulier sur...","og_url":"https:\/\/espace-chirurgie.ch\/fr\/arbeitsgebiet\/plaies-chroniques-2\/","og_site_name":"Espace Chirurgie","article_publisher":"https:\/\/www.facebook.com\/espacechirurgie","article_modified_time":"2026-01-12T08:27:08+00:00","twitter_card":"summary_large_image","twitter_misc":{"Dur\u00e9e de lecture estim\u00e9e":"2 minutes"},"schema":{"@context":"https:\/\/schema.org","@graph":[{"@type":"WebPage","@id":"https:\/\/espace-chirurgie.ch\/fr\/arbeitsgebiet\/plaies-chroniques-2\/","url":"https:\/\/espace-chirurgie.ch\/fr\/arbeitsgebiet\/plaies-chroniques-2\/","name":"Plaies chroniques &#8211; Espace Chirurgie","isPartOf":{"@id":"https:\/\/espace-chirurgie.ch\/fr\/#website"},"datePublished":"2026-01-12T08:09:45+00:00","dateModified":"2026-01-12T08:27:08+00:00","breadcrumb":{"@id":"https:\/\/espace-chirurgie.ch\/fr\/arbeitsgebiet\/plaies-chroniques-2\/#breadcrumb"},"inLanguage":"fr-FR","potentialAction":[{"@type":"ReadAction","target":["https:\/\/espace-chirurgie.ch\/fr\/arbeitsgebiet\/plaies-chroniques-2\/"]}]},{"@type":"BreadcrumbList","@id":"https:\/\/espace-chirurgie.ch\/fr\/arbeitsgebiet\/plaies-chroniques-2\/#breadcrumb","itemListElement":[{"@type":"ListItem","position":1,"name":"Startseite","item":"https:\/\/espace-chirurgie.ch\/fr\/"},{"@type":"ListItem","position":2,"name":"Plaies chroniques"}]},{"@type":"WebSite","@id":"https:\/\/espace-chirurgie.ch\/fr\/#website","url":"https:\/\/espace-chirurgie.ch\/fr\/","name":"Espace Chirurgie","description":"Zentrum mit modernster und qualitativ hochwertiger chirurgischer Behandlung.","publisher":{"@id":"https:\/\/espace-chirurgie.ch\/fr\/#organization"},"potentialAction":[{"@type":"SearchAction","target":{"@type":"EntryPoint","urlTemplate":"https:\/\/espace-chirurgie.ch\/fr\/?s={search_term_string}"},"query-input":{"@type":"PropertyValueSpecification","valueRequired":true,"valueName":"search_term_string"}}],"inLanguage":"fr-FR"},{"@type":"Organization","@id":"https:\/\/espace-chirurgie.ch\/fr\/#organization","name":"Espace Chirurgie","url":"https:\/\/espace-chirurgie.ch\/fr\/","logo":{"@type":"ImageObject","inLanguage":"fr-FR","@id":"https:\/\/espace-chirurgie.ch\/fr\/#\/schema\/logo\/image\/","url":"https:\/\/espace-chirurgie.ch\/wp-content\/uploads\/2019\/06\/espace-chirurgie-logo.svg","contentUrl":"https:\/\/espace-chirurgie.ch\/wp-content\/uploads\/2019\/06\/espace-chirurgie-logo.svg","width":403,"height":86,"caption":"Espace Chirurgie"},"image":{"@id":"https:\/\/espace-chirurgie.ch\/fr\/#\/schema\/logo\/image\/"},"sameAs":["https:\/\/www.facebook.com\/espacechirurgie","https:\/\/www.linkedin.com\/company\/espace-chirurgie\/"]}]}},"_links":{"self":[{"href":"https:\/\/espace-chirurgie.ch\/fr\/wp-json\/wp\/v2\/sht_areas\/5266","targetHints":{"allow":["GET"]}}],"collection":[{"href":"https:\/\/espace-chirurgie.ch\/fr\/wp-json\/wp\/v2\/sht_areas"}],"about":[{"href":"https:\/\/espace-chirurgie.ch\/fr\/wp-json\/wp\/v2\/types\/sht_areas"}],"version-history":[{"count":1,"href":"https:\/\/espace-chirurgie.ch\/fr\/wp-json\/wp\/v2\/sht_areas\/5266\/revisions"}],"predecessor-version":[{"id":5267,"href":"https:\/\/espace-chirurgie.ch\/fr\/wp-json\/wp\/v2\/sht_areas\/5266\/revisions\/5267"}],"wp:attachment":[{"href":"https:\/\/espace-chirurgie.ch\/fr\/wp-json\/wp\/v2\/media?parent=5266"}],"wp:term":[{"taxonomy":"sht_areas_category","embeddable":true,"href":"https:\/\/espace-chirurgie.ch\/fr\/wp-json\/wp\/v2\/sht_areas_category?post=5266"}],"curies":[{"name":"wp","href":"https:\/\/api.w.org\/{rel}","templated":true}]}}