{"id":5307,"date":"2026-01-12T10:13:20","date_gmt":"2026-01-12T09:13:20","guid":{"rendered":"https:\/\/espace-chirurgie.ch\/?post_type=sht_areas&#038;p=5307"},"modified":"2026-01-12T10:13:22","modified_gmt":"2026-01-12T09:13:22","slug":"incontinence-fecale-2","status":"publish","type":"sht_areas","link":"https:\/\/espace-chirurgie.ch\/fr\/arbeitsgebiet\/incontinence-fecale-2\/","title":{"rendered":"Incontinence f\u00e9cale"},"content":{"rendered":"\n<p>L&rsquo;incontinence f\u00e9cale est l&rsquo;incapacit\u00e9 \u00e0 retenir les selles ou \u00e0 les \u00e9vacuer de mani\u00e8re contr\u00f4l\u00e9e. En termes simples, on distingue trois diff\u00e9rents degr\u00e9s de s\u00e9v\u00e9rit\u00e9 :<\/p>\n\n\n\n<p>Incontinence f\u00e9cale de degr\u00e9 1 : Perte involontaire de gaz<br>Incontinence f\u00e9cale de degr\u00e9 2 : Perte involontaire de selles liquides<br>Incontinence f\u00e9cale de degr\u00e9 3 : Perte involontaire de selles solides et moul\u00e9es<\/p>\n\n\n\n<p>Le sphincter n&rsquo;est pas le seul muscle important pour la continence. Il s&rsquo;agit plut\u00f4t d&rsquo;une interaction complexe entre le plancher pelvien et le rectum. Les sensations, donc la capacit\u00e9 \u00e0 avoir des sensations dans le canal anal, ont \u00e9galement une grande importance. C&rsquo;est gr\u00e2ce \u00e0 ce feed-back sensoriel que nous pouvons \u00e9valuer s&rsquo;il est n\u00e9cessaire de vider l&rsquo;intestin et si des gaz et\/ou des selles liquides ou solides se trouvent dans le rectum.<\/p>\n\n\n\n<p>La faiblesse, due \u00e0 l&rsquo;\u00e2ge, du plancher pelvien, joue ici aussi un r\u00f4le, en particulier chez les femmes. Les grossesses et l&rsquo;accouchement peuvent \u00e9galement avoir une action n\u00e9gative sur le plancher pelvien. Mais aussi les op\u00e9rations ant\u00e9rieures en cas de cancer du c\u00f4lon, d&rsquo;h\u00e9morro\u00efdes, d&rsquo;infections ou de rayons peuvent avoir une action n\u00e9gative sur la continence.<\/p>\n\n\n\n<p>Une forte pouss\u00e9e r\u00e9currente en cas de constipation chronique peut m\u00eame affaiblir le plancher pelvien et entra\u00eener une incontinence f\u00e9cale. Pour le m\u00e9decin de m\u00eame que pour la personne concern\u00e9e, il est ardu de circonscrire les causes et de d\u00e9finir les sympt\u00f4mes pr\u00e9cis. Plusieurs entretiens sont souvent n\u00e9cessaires pour y parvenir.<\/p>\n\n\n\n<h2 class=\"wp-block-heading\">Traitements<\/h2>\n\n\n\n<p>Nous d\u00e9cidons du traitement adapt\u00e9 \u00e0 la s\u00e9v\u00e9rit\u00e9 et \u00e0 la cause de l&rsquo;incontinence f\u00e9cale. Le but premier, dans la mesure du possible, est d&rsquo;\u00e9viter une op\u00e9ration. Souvent, une am\u00e9lioration notable de la situation de vie pour les personnes concern\u00e9es peut \u00eatre obtenue en modifiant l&rsquo;alimentation, avec des m\u00e9dicaments, une kin\u00e9sith\u00e9rapie sp\u00e9ciale (r\u00e9\u00e9ducation du plancher pelvien, biofeedback) ou des moyens techniques.<\/p>\n\n\n\n<p>Ce n&rsquo;est que lorsque ces mesures sont \u00e9puis\u00e9es et qu&rsquo;une cause anatomique claire a pu \u00eatre trouv\u00e9e, qu&rsquo;une op\u00e9ration sera tr\u00e8s probablement une r\u00e9ussite. Dans de tels cas, nous recommandons \u00e9galement l&rsquo;implantation d&rsquo;un stimulateur sphinct\u00e9rien (SNS ou pTNS) ou bien aussi des op\u00e9rations plus importantes.<\/p>\n","protected":false},"template":"","sht_areas_category":[46],"class_list":["post-5307","sht_areas","type-sht_areas","status-publish","hentry"],"acf":[],"yoast_head":"<!-- This site is optimized with the Yoast SEO plugin v27.5 - https:\/\/yoast.com\/product\/yoast-seo-wordpress\/ -->\n<title>Incontinence f\u00e9cale &#8211; Espace Chirurgie<\/title>\n<meta name=\"robots\" content=\"index, follow, max-snippet:-1, max-image-preview:large, max-video-preview:-1\" \/>\n<link rel=\"canonical\" href=\"https:\/\/espace-chirurgie.ch\/fr\/arbeitsgebiet\/incontinence-fecale-2\/\" \/>\n<meta property=\"og:locale\" content=\"fr_FR\" \/>\n<meta property=\"og:type\" content=\"article\" \/>\n<meta property=\"og:title\" content=\"Incontinence f\u00e9cale &#8211; Espace Chirurgie\" \/>\n<meta property=\"og:description\" content=\"L&rsquo;incontinence f\u00e9cale est l&rsquo;incapacit\u00e9 \u00e0 retenir les selles ou \u00e0 les \u00e9vacuer de mani\u00e8re contr\u00f4l\u00e9e....\" \/>\n<meta property=\"og:url\" content=\"https:\/\/espace-chirurgie.ch\/fr\/arbeitsgebiet\/incontinence-fecale-2\/\" \/>\n<meta property=\"og:site_name\" content=\"Espace Chirurgie\" \/>\n<meta property=\"article:publisher\" content=\"https:\/\/www.facebook.com\/espacechirurgie\" \/>\n<meta property=\"article:modified_time\" content=\"2026-01-12T09:13:22+00:00\" \/>\n<meta name=\"twitter:card\" content=\"summary_large_image\" \/>\n<meta name=\"twitter:label1\" content=\"Dur\u00e9e de lecture estim\u00e9e\" \/>\n\t<meta name=\"twitter:data1\" content=\"2 minutes\" \/>\n<script type=\"application\/ld+json\" class=\"yoast-schema-graph\">{\"@context\":\"https:\\\/\\\/schema.org\",\"@graph\":[{\"@type\":\"WebPage\",\"@id\":\"https:\\\/\\\/espace-chirurgie.ch\\\/fr\\\/arbeitsgebiet\\\/incontinence-fecale-2\\\/\",\"url\":\"https:\\\/\\\/espace-chirurgie.ch\\\/fr\\\/arbeitsgebiet\\\/incontinence-fecale-2\\\/\",\"name\":\"Incontinence f\u00e9cale &#8211; Espace Chirurgie\",\"isPartOf\":{\"@id\":\"https:\\\/\\\/espace-chirurgie.ch\\\/fr\\\/#website\"},\"datePublished\":\"2026-01-12T09:13:20+00:00\",\"dateModified\":\"2026-01-12T09:13:22+00:00\",\"breadcrumb\":{\"@id\":\"https:\\\/\\\/espace-chirurgie.ch\\\/fr\\\/arbeitsgebiet\\\/incontinence-fecale-2\\\/#breadcrumb\"},\"inLanguage\":\"fr-FR\",\"potentialAction\":[{\"@type\":\"ReadAction\",\"target\":[\"https:\\\/\\\/espace-chirurgie.ch\\\/fr\\\/arbeitsgebiet\\\/incontinence-fecale-2\\\/\"]}]},{\"@type\":\"BreadcrumbList\",\"@id\":\"https:\\\/\\\/espace-chirurgie.ch\\\/fr\\\/arbeitsgebiet\\\/incontinence-fecale-2\\\/#breadcrumb\",\"itemListElement\":[{\"@type\":\"ListItem\",\"position\":1,\"name\":\"Startseite\",\"item\":\"https:\\\/\\\/espace-chirurgie.ch\\\/fr\\\/\"},{\"@type\":\"ListItem\",\"position\":2,\"name\":\"Incontinence f\u00e9cale\"}]},{\"@type\":\"WebSite\",\"@id\":\"https:\\\/\\\/espace-chirurgie.ch\\\/fr\\\/#website\",\"url\":\"https:\\\/\\\/espace-chirurgie.ch\\\/fr\\\/\",\"name\":\"Espace Chirurgie\",\"description\":\"Zentrum mit modernster und qualitativ hochwertiger chirurgischer Behandlung.\",\"publisher\":{\"@id\":\"https:\\\/\\\/espace-chirurgie.ch\\\/fr\\\/#organization\"},\"potentialAction\":[{\"@type\":\"SearchAction\",\"target\":{\"@type\":\"EntryPoint\",\"urlTemplate\":\"https:\\\/\\\/espace-chirurgie.ch\\\/fr\\\/?s={search_term_string}\"},\"query-input\":{\"@type\":\"PropertyValueSpecification\",\"valueRequired\":true,\"valueName\":\"search_term_string\"}}],\"inLanguage\":\"fr-FR\"},{\"@type\":\"Organization\",\"@id\":\"https:\\\/\\\/espace-chirurgie.ch\\\/fr\\\/#organization\",\"name\":\"Espace Chirurgie\",\"url\":\"https:\\\/\\\/espace-chirurgie.ch\\\/fr\\\/\",\"logo\":{\"@type\":\"ImageObject\",\"inLanguage\":\"fr-FR\",\"@id\":\"https:\\\/\\\/espace-chirurgie.ch\\\/fr\\\/#\\\/schema\\\/logo\\\/image\\\/\",\"url\":\"https:\\\/\\\/espace-chirurgie.ch\\\/wp-content\\\/uploads\\\/2019\\\/06\\\/espace-chirurgie-logo.svg\",\"contentUrl\":\"https:\\\/\\\/espace-chirurgie.ch\\\/wp-content\\\/uploads\\\/2019\\\/06\\\/espace-chirurgie-logo.svg\",\"width\":403,\"height\":86,\"caption\":\"Espace Chirurgie\"},\"image\":{\"@id\":\"https:\\\/\\\/espace-chirurgie.ch\\\/fr\\\/#\\\/schema\\\/logo\\\/image\\\/\"},\"sameAs\":[\"https:\\\/\\\/www.facebook.com\\\/espacechirurgie\",\"https:\\\/\\\/www.linkedin.com\\\/company\\\/espace-chirurgie\\\/\"]}]}<\/script>\n<!-- \/ Yoast SEO plugin. -->","yoast_head_json":{"title":"Incontinence f\u00e9cale &#8211; Espace Chirurgie","robots":{"index":"index","follow":"follow","max-snippet":"max-snippet:-1","max-image-preview":"max-image-preview:large","max-video-preview":"max-video-preview:-1"},"canonical":"https:\/\/espace-chirurgie.ch\/fr\/arbeitsgebiet\/incontinence-fecale-2\/","og_locale":"fr_FR","og_type":"article","og_title":"Incontinence f\u00e9cale &#8211; Espace Chirurgie","og_description":"L&rsquo;incontinence f\u00e9cale est l&rsquo;incapacit\u00e9 \u00e0 retenir les selles ou \u00e0 les \u00e9vacuer de mani\u00e8re contr\u00f4l\u00e9e....","og_url":"https:\/\/espace-chirurgie.ch\/fr\/arbeitsgebiet\/incontinence-fecale-2\/","og_site_name":"Espace Chirurgie","article_publisher":"https:\/\/www.facebook.com\/espacechirurgie","article_modified_time":"2026-01-12T09:13:22+00:00","twitter_card":"summary_large_image","twitter_misc":{"Dur\u00e9e de lecture estim\u00e9e":"2 minutes"},"schema":{"@context":"https:\/\/schema.org","@graph":[{"@type":"WebPage","@id":"https:\/\/espace-chirurgie.ch\/fr\/arbeitsgebiet\/incontinence-fecale-2\/","url":"https:\/\/espace-chirurgie.ch\/fr\/arbeitsgebiet\/incontinence-fecale-2\/","name":"Incontinence f\u00e9cale &#8211; Espace Chirurgie","isPartOf":{"@id":"https:\/\/espace-chirurgie.ch\/fr\/#website"},"datePublished":"2026-01-12T09:13:20+00:00","dateModified":"2026-01-12T09:13:22+00:00","breadcrumb":{"@id":"https:\/\/espace-chirurgie.ch\/fr\/arbeitsgebiet\/incontinence-fecale-2\/#breadcrumb"},"inLanguage":"fr-FR","potentialAction":[{"@type":"ReadAction","target":["https:\/\/espace-chirurgie.ch\/fr\/arbeitsgebiet\/incontinence-fecale-2\/"]}]},{"@type":"BreadcrumbList","@id":"https:\/\/espace-chirurgie.ch\/fr\/arbeitsgebiet\/incontinence-fecale-2\/#breadcrumb","itemListElement":[{"@type":"ListItem","position":1,"name":"Startseite","item":"https:\/\/espace-chirurgie.ch\/fr\/"},{"@type":"ListItem","position":2,"name":"Incontinence f\u00e9cale"}]},{"@type":"WebSite","@id":"https:\/\/espace-chirurgie.ch\/fr\/#website","url":"https:\/\/espace-chirurgie.ch\/fr\/","name":"Espace Chirurgie","description":"Zentrum mit modernster und qualitativ hochwertiger chirurgischer Behandlung.","publisher":{"@id":"https:\/\/espace-chirurgie.ch\/fr\/#organization"},"potentialAction":[{"@type":"SearchAction","target":{"@type":"EntryPoint","urlTemplate":"https:\/\/espace-chirurgie.ch\/fr\/?s={search_term_string}"},"query-input":{"@type":"PropertyValueSpecification","valueRequired":true,"valueName":"search_term_string"}}],"inLanguage":"fr-FR"},{"@type":"Organization","@id":"https:\/\/espace-chirurgie.ch\/fr\/#organization","name":"Espace Chirurgie","url":"https:\/\/espace-chirurgie.ch\/fr\/","logo":{"@type":"ImageObject","inLanguage":"fr-FR","@id":"https:\/\/espace-chirurgie.ch\/fr\/#\/schema\/logo\/image\/","url":"https:\/\/espace-chirurgie.ch\/wp-content\/uploads\/2019\/06\/espace-chirurgie-logo.svg","contentUrl":"https:\/\/espace-chirurgie.ch\/wp-content\/uploads\/2019\/06\/espace-chirurgie-logo.svg","width":403,"height":86,"caption":"Espace Chirurgie"},"image":{"@id":"https:\/\/espace-chirurgie.ch\/fr\/#\/schema\/logo\/image\/"},"sameAs":["https:\/\/www.facebook.com\/espacechirurgie","https:\/\/www.linkedin.com\/company\/espace-chirurgie\/"]}]}},"_links":{"self":[{"href":"https:\/\/espace-chirurgie.ch\/fr\/wp-json\/wp\/v2\/sht_areas\/5307","targetHints":{"allow":["GET"]}}],"collection":[{"href":"https:\/\/espace-chirurgie.ch\/fr\/wp-json\/wp\/v2\/sht_areas"}],"about":[{"href":"https:\/\/espace-chirurgie.ch\/fr\/wp-json\/wp\/v2\/types\/sht_areas"}],"version-history":[{"count":1,"href":"https:\/\/espace-chirurgie.ch\/fr\/wp-json\/wp\/v2\/sht_areas\/5307\/revisions"}],"predecessor-version":[{"id":5308,"href":"https:\/\/espace-chirurgie.ch\/fr\/wp-json\/wp\/v2\/sht_areas\/5307\/revisions\/5308"}],"wp:attachment":[{"href":"https:\/\/espace-chirurgie.ch\/fr\/wp-json\/wp\/v2\/media?parent=5307"}],"wp:term":[{"taxonomy":"sht_areas_category","embeddable":true,"href":"https:\/\/espace-chirurgie.ch\/fr\/wp-json\/wp\/v2\/sht_areas_category?post=5307"}],"curies":[{"name":"wp","href":"https:\/\/api.w.org\/{rel}","templated":true}]}}