{"id":5309,"date":"2026-01-12T10:15:02","date_gmt":"2026-01-12T09:15:02","guid":{"rendered":"https:\/\/espace-chirurgie.ch\/?post_type=sht_areas&#038;p=5309"},"modified":"2026-01-12T10:15:04","modified_gmt":"2026-01-12T09:15:04","slug":"cancer-du-rectum-carcinome-du-rectum-2","status":"publish","type":"sht_areas","link":"https:\/\/espace-chirurgie.ch\/fr\/arbeitsgebiet\/cancer-du-rectum-carcinome-du-rectum-2\/","title":{"rendered":"Cancer du rectum (carcinome du rectum)"},"content":{"rendered":"\n<p>Les tumeurs malignes du rectum sont appel\u00e9es cancer ou carcinome du rectum. Le rectum est responsable, avec le sphincter et le plancher pelvien, du vidage contr\u00f4l\u00e9 de l&rsquo;intestin. Le carcinome du rectum est fr\u00e9quent et repr\u00e9sente environ un tiers de toutes les tumeurs malignes du gros intestin.<\/p>\n\n\n\n<h2 class=\"wp-block-heading\">Sympt\u00f4mes<\/h2>\n\n\n\n<p>Les sympt\u00f4mes les plus fr\u00e9quents sont des traces de sang dans les selles ou sur le papier toilette ainsi que des changements dans les habitudes f\u00e9cales (fr\u00e9quence et forme des selles).<\/p>\n\n\n\n<h2 class=\"wp-block-heading\">Diagnostic<\/h2>\n\n\n\n<p>Le diagnostic englobe un d\u00e9pistage syst\u00e9matique pour qu&rsquo;une voie th\u00e9rapeutique individuelle puisse \u00eatre \u00e9labor\u00e9e pour chaque patient(e). Le stade de la tumeur peut \u00eatre d\u00e9limit\u00e9 de fa\u00e7on relativement pr\u00e9cise \u00e0 l&rsquo;aide d&rsquo;une \u00e9chographie, d&rsquo;une biopsie, d&rsquo;une \u00e9chographie et d&rsquo;une IRM. Nous appelons ces examens pr\u00e9alables \u00ab\u00a0staging\u00a0\u00bb (d\u00e9termination du stade du cancer)<\/p>\n\n\n\n<p>Une proposition de traitement est ensuite \u00e9labor\u00e9e au cours d&rsquo;entretiens avec des experts (tumor board).<\/p>\n\n\n\n<h2 class=\"wp-block-heading\">Traitements<\/h2>\n\n\n\n<p>Le traitement du carcinome du rectum est tr\u00e8s exigeant et devrait toujours \u00eatre appliqu\u00e9 en collaboration avec les sp\u00e9cialistes ad\u00e9quats (chirurgiens, gastro-ent\u00e9rologues, oncologues, radiooncologues). Nous avons \u00e0 coeur de suivre nos patient(e)s de m\u00eame que leurs proches au mieux et dans la dur\u00e9e dans cette situation difficile.<\/p>\n\n\n\n<p>C&rsquo;est soit une intervention directe soit une combinaison ant\u00e9rieure de radioth\u00e9rapie et de chimioth\u00e9rapie avec l&rsquo;op\u00e9ration qui suit.<\/p>\n\n\n\n<p>Lorsque c&rsquo;est possible, nous planifions une op\u00e9ration avec la technique \u00ab\u00a0par le trou de la serrure\u00a0\u00bb (mini-invasive). Lorsqu&rsquo;elle est r\u00e9alis\u00e9e correctement, cette technique est accept\u00e9e dans le cadre de la chirurgie tumorale et offre m\u00eame des avantages : moins de douleurs, une reprise rapide de l&rsquo;alimentation et une mobilisation plus rapide. Dans certains cas, une plus grande incision abdominale peut \u00eatre n\u00e9cessaire pendant l&rsquo;op\u00e9ration. Nous parlons toujours de cette possibilit\u00e9 auparavant avec nos patient(e)s.<\/p>\n\n\n\n<p>Le caract\u00e8re radical de l&rsquo;op\u00e9ration (radical = excision compl\u00e8te et correcte de la totalit\u00e9 du tissu tumoral et des voies lymphatiques) est la priorit\u00e9 des priorit\u00e9s. Selon que la suture de l&rsquo;intestin destin\u00e9e \u00e0 la reconstruction du transit intestinal va jusqu&rsquo;au sphincter, la pose provisoire d&rsquo;un anus artificiel (stomie) est n\u00e9cessaire. <\/p>\n\n\n\n<p>On discute \u00e9galement en d\u00e9tail de cet aspect en amont. Apr\u00e8s l&rsquo;op\u00e9ration, nous discutons de nouveau de ses r\u00e9sultats et des r\u00e9sultats des analyses dans le cadre du tumor board. Le comit\u00e9 d&rsquo;experts formule, \u00e9ventuellement, une recommandation de traitement plus fort (chimioth\u00e9rapie) sur la base des nouveaux r\u00e9sultats.<\/p>\n","protected":false},"template":"","sht_areas_category":[46],"class_list":["post-5309","sht_areas","type-sht_areas","status-publish","hentry"],"acf":[],"yoast_head":"<!-- This site is optimized with the Yoast SEO plugin v27.5 - https:\/\/yoast.com\/product\/yoast-seo-wordpress\/ -->\n<title>Cancer du rectum (carcinome du rectum) &#8211; Espace Chirurgie<\/title>\n<meta name=\"robots\" content=\"index, follow, max-snippet:-1, max-image-preview:large, max-video-preview:-1\" \/>\n<link rel=\"canonical\" href=\"https:\/\/espace-chirurgie.ch\/fr\/arbeitsgebiet\/cancer-du-rectum-carcinome-du-rectum-2\/\" \/>\n<meta property=\"og:locale\" content=\"fr_FR\" \/>\n<meta property=\"og:type\" content=\"article\" \/>\n<meta property=\"og:title\" content=\"Cancer du rectum (carcinome du rectum) &#8211; Espace Chirurgie\" \/>\n<meta property=\"og:description\" content=\"Les tumeurs malignes du rectum sont appel\u00e9es cancer ou carcinome du rectum. Le rectum est...\" \/>\n<meta property=\"og:url\" content=\"https:\/\/espace-chirurgie.ch\/fr\/arbeitsgebiet\/cancer-du-rectum-carcinome-du-rectum-2\/\" \/>\n<meta property=\"og:site_name\" content=\"Espace Chirurgie\" \/>\n<meta property=\"article:publisher\" content=\"https:\/\/www.facebook.com\/espacechirurgie\" \/>\n<meta property=\"article:modified_time\" content=\"2026-01-12T09:15:04+00:00\" \/>\n<meta name=\"twitter:card\" content=\"summary_large_image\" \/>\n<meta name=\"twitter:label1\" content=\"Dur\u00e9e de lecture estim\u00e9e\" \/>\n\t<meta name=\"twitter:data1\" content=\"3 minutes\" \/>\n<script type=\"application\/ld+json\" class=\"yoast-schema-graph\">{\"@context\":\"https:\\\/\\\/schema.org\",\"@graph\":[{\"@type\":\"WebPage\",\"@id\":\"https:\\\/\\\/espace-chirurgie.ch\\\/fr\\\/arbeitsgebiet\\\/cancer-du-rectum-carcinome-du-rectum-2\\\/\",\"url\":\"https:\\\/\\\/espace-chirurgie.ch\\\/fr\\\/arbeitsgebiet\\\/cancer-du-rectum-carcinome-du-rectum-2\\\/\",\"name\":\"Cancer du rectum (carcinome du rectum) &#8211; Espace Chirurgie\",\"isPartOf\":{\"@id\":\"https:\\\/\\\/espace-chirurgie.ch\\\/fr\\\/#website\"},\"datePublished\":\"2026-01-12T09:15:02+00:00\",\"dateModified\":\"2026-01-12T09:15:04+00:00\",\"breadcrumb\":{\"@id\":\"https:\\\/\\\/espace-chirurgie.ch\\\/fr\\\/arbeitsgebiet\\\/cancer-du-rectum-carcinome-du-rectum-2\\\/#breadcrumb\"},\"inLanguage\":\"fr-FR\",\"potentialAction\":[{\"@type\":\"ReadAction\",\"target\":[\"https:\\\/\\\/espace-chirurgie.ch\\\/fr\\\/arbeitsgebiet\\\/cancer-du-rectum-carcinome-du-rectum-2\\\/\"]}]},{\"@type\":\"BreadcrumbList\",\"@id\":\"https:\\\/\\\/espace-chirurgie.ch\\\/fr\\\/arbeitsgebiet\\\/cancer-du-rectum-carcinome-du-rectum-2\\\/#breadcrumb\",\"itemListElement\":[{\"@type\":\"ListItem\",\"position\":1,\"name\":\"Startseite\",\"item\":\"https:\\\/\\\/espace-chirurgie.ch\\\/fr\\\/\"},{\"@type\":\"ListItem\",\"position\":2,\"name\":\"Cancer du rectum (carcinome du rectum)\"}]},{\"@type\":\"WebSite\",\"@id\":\"https:\\\/\\\/espace-chirurgie.ch\\\/fr\\\/#website\",\"url\":\"https:\\\/\\\/espace-chirurgie.ch\\\/fr\\\/\",\"name\":\"Espace Chirurgie\",\"description\":\"Zentrum mit modernster und qualitativ hochwertiger chirurgischer Behandlung.\",\"publisher\":{\"@id\":\"https:\\\/\\\/espace-chirurgie.ch\\\/fr\\\/#organization\"},\"potentialAction\":[{\"@type\":\"SearchAction\",\"target\":{\"@type\":\"EntryPoint\",\"urlTemplate\":\"https:\\\/\\\/espace-chirurgie.ch\\\/fr\\\/?s={search_term_string}\"},\"query-input\":{\"@type\":\"PropertyValueSpecification\",\"valueRequired\":true,\"valueName\":\"search_term_string\"}}],\"inLanguage\":\"fr-FR\"},{\"@type\":\"Organization\",\"@id\":\"https:\\\/\\\/espace-chirurgie.ch\\\/fr\\\/#organization\",\"name\":\"Espace Chirurgie\",\"url\":\"https:\\\/\\\/espace-chirurgie.ch\\\/fr\\\/\",\"logo\":{\"@type\":\"ImageObject\",\"inLanguage\":\"fr-FR\",\"@id\":\"https:\\\/\\\/espace-chirurgie.ch\\\/fr\\\/#\\\/schema\\\/logo\\\/image\\\/\",\"url\":\"https:\\\/\\\/espace-chirurgie.ch\\\/wp-content\\\/uploads\\\/2019\\\/06\\\/espace-chirurgie-logo.svg\",\"contentUrl\":\"https:\\\/\\\/espace-chirurgie.ch\\\/wp-content\\\/uploads\\\/2019\\\/06\\\/espace-chirurgie-logo.svg\",\"width\":403,\"height\":86,\"caption\":\"Espace Chirurgie\"},\"image\":{\"@id\":\"https:\\\/\\\/espace-chirurgie.ch\\\/fr\\\/#\\\/schema\\\/logo\\\/image\\\/\"},\"sameAs\":[\"https:\\\/\\\/www.facebook.com\\\/espacechirurgie\",\"https:\\\/\\\/www.linkedin.com\\\/company\\\/espace-chirurgie\\\/\"]}]}<\/script>\n<!-- \/ Yoast SEO plugin. -->","yoast_head_json":{"title":"Cancer du rectum (carcinome du rectum) &#8211; Espace Chirurgie","robots":{"index":"index","follow":"follow","max-snippet":"max-snippet:-1","max-image-preview":"max-image-preview:large","max-video-preview":"max-video-preview:-1"},"canonical":"https:\/\/espace-chirurgie.ch\/fr\/arbeitsgebiet\/cancer-du-rectum-carcinome-du-rectum-2\/","og_locale":"fr_FR","og_type":"article","og_title":"Cancer du rectum (carcinome du rectum) &#8211; Espace Chirurgie","og_description":"Les tumeurs malignes du rectum sont appel\u00e9es cancer ou carcinome du rectum. Le rectum est...","og_url":"https:\/\/espace-chirurgie.ch\/fr\/arbeitsgebiet\/cancer-du-rectum-carcinome-du-rectum-2\/","og_site_name":"Espace Chirurgie","article_publisher":"https:\/\/www.facebook.com\/espacechirurgie","article_modified_time":"2026-01-12T09:15:04+00:00","twitter_card":"summary_large_image","twitter_misc":{"Dur\u00e9e de lecture estim\u00e9e":"3 minutes"},"schema":{"@context":"https:\/\/schema.org","@graph":[{"@type":"WebPage","@id":"https:\/\/espace-chirurgie.ch\/fr\/arbeitsgebiet\/cancer-du-rectum-carcinome-du-rectum-2\/","url":"https:\/\/espace-chirurgie.ch\/fr\/arbeitsgebiet\/cancer-du-rectum-carcinome-du-rectum-2\/","name":"Cancer du rectum (carcinome du rectum) &#8211; Espace Chirurgie","isPartOf":{"@id":"https:\/\/espace-chirurgie.ch\/fr\/#website"},"datePublished":"2026-01-12T09:15:02+00:00","dateModified":"2026-01-12T09:15:04+00:00","breadcrumb":{"@id":"https:\/\/espace-chirurgie.ch\/fr\/arbeitsgebiet\/cancer-du-rectum-carcinome-du-rectum-2\/#breadcrumb"},"inLanguage":"fr-FR","potentialAction":[{"@type":"ReadAction","target":["https:\/\/espace-chirurgie.ch\/fr\/arbeitsgebiet\/cancer-du-rectum-carcinome-du-rectum-2\/"]}]},{"@type":"BreadcrumbList","@id":"https:\/\/espace-chirurgie.ch\/fr\/arbeitsgebiet\/cancer-du-rectum-carcinome-du-rectum-2\/#breadcrumb","itemListElement":[{"@type":"ListItem","position":1,"name":"Startseite","item":"https:\/\/espace-chirurgie.ch\/fr\/"},{"@type":"ListItem","position":2,"name":"Cancer du rectum (carcinome du rectum)"}]},{"@type":"WebSite","@id":"https:\/\/espace-chirurgie.ch\/fr\/#website","url":"https:\/\/espace-chirurgie.ch\/fr\/","name":"Espace Chirurgie","description":"Zentrum mit modernster und qualitativ hochwertiger chirurgischer Behandlung.","publisher":{"@id":"https:\/\/espace-chirurgie.ch\/fr\/#organization"},"potentialAction":[{"@type":"SearchAction","target":{"@type":"EntryPoint","urlTemplate":"https:\/\/espace-chirurgie.ch\/fr\/?s={search_term_string}"},"query-input":{"@type":"PropertyValueSpecification","valueRequired":true,"valueName":"search_term_string"}}],"inLanguage":"fr-FR"},{"@type":"Organization","@id":"https:\/\/espace-chirurgie.ch\/fr\/#organization","name":"Espace Chirurgie","url":"https:\/\/espace-chirurgie.ch\/fr\/","logo":{"@type":"ImageObject","inLanguage":"fr-FR","@id":"https:\/\/espace-chirurgie.ch\/fr\/#\/schema\/logo\/image\/","url":"https:\/\/espace-chirurgie.ch\/wp-content\/uploads\/2019\/06\/espace-chirurgie-logo.svg","contentUrl":"https:\/\/espace-chirurgie.ch\/wp-content\/uploads\/2019\/06\/espace-chirurgie-logo.svg","width":403,"height":86,"caption":"Espace Chirurgie"},"image":{"@id":"https:\/\/espace-chirurgie.ch\/fr\/#\/schema\/logo\/image\/"},"sameAs":["https:\/\/www.facebook.com\/espacechirurgie","https:\/\/www.linkedin.com\/company\/espace-chirurgie\/"]}]}},"_links":{"self":[{"href":"https:\/\/espace-chirurgie.ch\/fr\/wp-json\/wp\/v2\/sht_areas\/5309","targetHints":{"allow":["GET"]}}],"collection":[{"href":"https:\/\/espace-chirurgie.ch\/fr\/wp-json\/wp\/v2\/sht_areas"}],"about":[{"href":"https:\/\/espace-chirurgie.ch\/fr\/wp-json\/wp\/v2\/types\/sht_areas"}],"version-history":[{"count":1,"href":"https:\/\/espace-chirurgie.ch\/fr\/wp-json\/wp\/v2\/sht_areas\/5309\/revisions"}],"predecessor-version":[{"id":5310,"href":"https:\/\/espace-chirurgie.ch\/fr\/wp-json\/wp\/v2\/sht_areas\/5309\/revisions\/5310"}],"wp:attachment":[{"href":"https:\/\/espace-chirurgie.ch\/fr\/wp-json\/wp\/v2\/media?parent=5309"}],"wp:term":[{"taxonomy":"sht_areas_category","embeddable":true,"href":"https:\/\/espace-chirurgie.ch\/fr\/wp-json\/wp\/v2\/sht_areas_category?post=5309"}],"curies":[{"name":"wp","href":"https:\/\/api.w.org\/{rel}","templated":true}]}}