{"id":5313,"date":"2026-01-12T10:18:44","date_gmt":"2026-01-12T09:18:44","guid":{"rendered":"https:\/\/espace-chirurgie.ch\/?post_type=sht_areas&#038;p=5313"},"modified":"2026-01-12T10:18:45","modified_gmt":"2026-01-12T09:18:45","slug":"glandes-parathyroides-2","status":"publish","type":"sht_areas","link":"https:\/\/espace-chirurgie.ch\/fr\/arbeitsgebiet\/glandes-parathyroides-2\/","title":{"rendered":"Glandes parathyro\u00efdes"},"content":{"rendered":"\n<p>L&rsquo;\u00eatre humain poss\u00e8de au moins quatre parathyro\u00efdes. Anatomiquement, elles se trouvent tr\u00e8s pr\u00e8s de la thyro\u00efde, comme son nom l&rsquo;indique, mais fonctionnellement, elles n&rsquo;ont rien \u00e0 voir avec elle. Les parathyro\u00efdes maintiennent un niveau de calcium (Ca) stable dans le corps avec la vitamine D et le calcium provenant des cellules C de la thyro\u00efde. Lorsque le corps a besoin de calcium, il distribue l&rsquo;hormone parathyro\u00efdienne (PTH) afin de r\u00e9cup\u00e9rer (r\u00e9sorber) plus de calcium de l&rsquo;intestin ou d&rsquo;en mobiliser davantage \u00e0 partir du r\u00e9servoir osseux.<\/p>\n\n\n\n<p>A l&rsquo;inverse, lorsque le taux de calcium est \u00e9lev\u00e9, l&rsquo;hormone parathyro\u00efdique (PTH) n&rsquo;est plus distribu\u00e9e afin que le taux baisse.<\/p>\n\n\n\n<h2 class=\"wp-block-heading\">Sympt\u00f4mes<\/h2>\n\n\n\n<p>En cas d&rsquo;hyperactivit\u00e9 de la parathyro\u00efde (hyperparathyro\u00efdie), la quantit\u00e9 d&rsquo;hormone parathyro\u00efdienne (PTH) produite est trop \u00e9lev\u00e9e et donc le taux de calcium dans le sang est lui aussi constamment trop haut. A partir d&rsquo;une certaine concentration, cela entra\u00eene des naus\u00e9es et une baisse des performances mais aussi la formation de calculs r\u00e9naux et un trouble de la composition osseuse (affaiblissement de l&rsquo;os et douleurs). Dans de rares cas, la maladie peut survenir fr\u00e9quemment dans la famille. L&rsquo;hyperactivit\u00e9 peut \u00eatre due \u00e0 un ad\u00e9nome entra\u00eenant un grossissement de la parathyro\u00efde et produisant en permanence trop d&rsquo;hormone (hyperparathyro\u00efdie primaire). Aujourd&rsquo;hui ces ad\u00e9nomes peuvent \u00eatre mis en \u00e9vidence avec une \u00e9chographie ou au moyen de techniques de m\u00e9decine nucl\u00e9aire (scintigraphie au MIBI).<\/p>\n\n\n\n<p>A l&rsquo;inverse, un d\u00e9ficit chronique en calcium, d\u00fb p. ex. \u00e0 une maladie r\u00e9nale ou \u00e0 un trouble intestinal, peut conduire \u00e0 une production excessive d&rsquo;hormone parathyro\u00efdienne (PTH) et donc \u00e0 un grossissement de toutes les parathyro\u00efdes (hyperparathyro\u00efdie secondaire). L&rsquo;hypoactivit\u00e9 (hypoparathyro\u00efdie) entra\u00eene une baisse du taux de calcium dans le sang et appara\u00eet plus souvent apr\u00e8s une op\u00e9ration de la thyro\u00efde avec ablation non intentionnelle ou l\u00e9sion de la parathyro\u00efde. Le principal sympt\u00f4me de l&rsquo;hypoactivit\u00e9 est des crampes musculaires car le calcium est utilis\u00e9 pour que les muscles fonctionnent normalement. Pour soulager ces sympt\u00f4mes le plus rapidement possible, il faut administrer du calcium et en plus, dans les cas les plus graves, de la vitamine D. Le carcinome des parathyro\u00efdes est extr\u00eamement rare. La litt\u00e9rature sp\u00e9cialis\u00e9e ne d\u00e9crit, jusqu&rsquo;ici, que quelques centaines de cas dans le monde.<\/p>\n\n\n\n<h2 class=\"wp-block-heading\">Traitements<\/h2>\n\n\n\n<p>Alors que l&rsquo;hypoactivit\u00e9 de la parathyro\u00efde est trait\u00e9e avec du calcium (substitution) et \u00e9ventuellement en administrant en plus de la vitamine D, pour l&rsquo;hyperactivit\u00e9 un traitement chirurgical est possible. L&rsquo;ad\u00e9nome des parathyro\u00efdes est la principale indication d&rsquo;une intervention. Le but de l&rsquo;op\u00e9ration de la parathyro\u00efde est de r\u00e9s\u00e9quer l&rsquo;ad\u00e9nome avec le plus de m\u00e9nagement possible. Dans 20 % des cas environ, il s&rsquo;agit d&rsquo;une hyperactivit\u00e9 parathyro\u00efdienne secondaire avec une hyperactivit\u00e9 de toutes les parathyro\u00efdes. Dans tous ces cas, il faut chercher toutes les parathyro\u00efdes et les r\u00e9s\u00e9quer. L&rsquo;acc\u00e8s est le m\u00eame que pour l&rsquo;op\u00e9ration de la thyro\u00efde, \u00e0 savoir une petite incision de la peau du cou ou par endoscopie. La concentration en hormone parathyro\u00efdienne (PTH) du sang peut \u00eatre mesur\u00e9e en continu pendant l&rsquo;op\u00e9ration. Le chirurgien peut contr\u00f4ler en direct la r\u00e9ussite de son intervention, car l&rsquo;hormone parathyro\u00efdique (PTH) mesur\u00e9e doit \u00eatre inf\u00e9rieure \u00e0 un certain seuil \u00e0 la fin de l&rsquo;op\u00e9ration.<\/p>\n\n\n\n<h2 class=\"wp-block-heading\">Pronostic<\/h2>\n\n\n\n<p>La thyro\u00efde n&rsquo;\u00e9tant g\u00e9n\u00e9ralement pas touch\u00e9e lors de l&rsquo;ablation de la parathyro\u00efde, les risques d&rsquo;une op\u00e9ration sont beaucoup plus faibles ; dans la grande majorit\u00e9 des cas, les patients se r\u00e9tablissent vite de leur op\u00e9ration.<\/p>\n","protected":false},"template":"","sht_areas_category":[46],"class_list":["post-5313","sht_areas","type-sht_areas","status-publish","hentry"],"acf":[],"yoast_head":"<!-- This site is optimized with the Yoast SEO plugin v27.5 - https:\/\/yoast.com\/product\/yoast-seo-wordpress\/ -->\n<title>Glandes parathyro\u00efdes &#8211; Espace Chirurgie<\/title>\n<meta name=\"robots\" content=\"index, follow, max-snippet:-1, max-image-preview:large, max-video-preview:-1\" \/>\n<link rel=\"canonical\" href=\"https:\/\/espace-chirurgie.ch\/fr\/arbeitsgebiet\/glandes-parathyroides-2\/\" \/>\n<meta property=\"og:locale\" content=\"fr_FR\" \/>\n<meta property=\"og:type\" content=\"article\" \/>\n<meta property=\"og:title\" content=\"Glandes parathyro\u00efdes &#8211; Espace Chirurgie\" \/>\n<meta property=\"og:description\" content=\"L&rsquo;\u00eatre humain poss\u00e8de au moins quatre parathyro\u00efdes. Anatomiquement, elles se trouvent tr\u00e8s pr\u00e8s de la...\" \/>\n<meta property=\"og:url\" content=\"https:\/\/espace-chirurgie.ch\/fr\/arbeitsgebiet\/glandes-parathyroides-2\/\" \/>\n<meta property=\"og:site_name\" content=\"Espace Chirurgie\" \/>\n<meta property=\"article:publisher\" content=\"https:\/\/www.facebook.com\/espacechirurgie\" \/>\n<meta property=\"article:modified_time\" content=\"2026-01-12T09:18:45+00:00\" \/>\n<meta name=\"twitter:card\" content=\"summary_large_image\" \/>\n<meta name=\"twitter:label1\" content=\"Dur\u00e9e de lecture estim\u00e9e\" \/>\n\t<meta name=\"twitter:data1\" content=\"4 minutes\" \/>\n<script type=\"application\/ld+json\" class=\"yoast-schema-graph\">{\"@context\":\"https:\\\/\\\/schema.org\",\"@graph\":[{\"@type\":\"WebPage\",\"@id\":\"https:\\\/\\\/espace-chirurgie.ch\\\/fr\\\/arbeitsgebiet\\\/glandes-parathyroides-2\\\/\",\"url\":\"https:\\\/\\\/espace-chirurgie.ch\\\/fr\\\/arbeitsgebiet\\\/glandes-parathyroides-2\\\/\",\"name\":\"Glandes parathyro\u00efdes &#8211; Espace Chirurgie\",\"isPartOf\":{\"@id\":\"https:\\\/\\\/espace-chirurgie.ch\\\/fr\\\/#website\"},\"datePublished\":\"2026-01-12T09:18:44+00:00\",\"dateModified\":\"2026-01-12T09:18:45+00:00\",\"breadcrumb\":{\"@id\":\"https:\\\/\\\/espace-chirurgie.ch\\\/fr\\\/arbeitsgebiet\\\/glandes-parathyroides-2\\\/#breadcrumb\"},\"inLanguage\":\"fr-FR\",\"potentialAction\":[{\"@type\":\"ReadAction\",\"target\":[\"https:\\\/\\\/espace-chirurgie.ch\\\/fr\\\/arbeitsgebiet\\\/glandes-parathyroides-2\\\/\"]}]},{\"@type\":\"BreadcrumbList\",\"@id\":\"https:\\\/\\\/espace-chirurgie.ch\\\/fr\\\/arbeitsgebiet\\\/glandes-parathyroides-2\\\/#breadcrumb\",\"itemListElement\":[{\"@type\":\"ListItem\",\"position\":1,\"name\":\"Startseite\",\"item\":\"https:\\\/\\\/espace-chirurgie.ch\\\/fr\\\/\"},{\"@type\":\"ListItem\",\"position\":2,\"name\":\"Glandes parathyro\u00efdes\"}]},{\"@type\":\"WebSite\",\"@id\":\"https:\\\/\\\/espace-chirurgie.ch\\\/fr\\\/#website\",\"url\":\"https:\\\/\\\/espace-chirurgie.ch\\\/fr\\\/\",\"name\":\"Espace Chirurgie\",\"description\":\"Zentrum mit modernster und qualitativ hochwertiger chirurgischer Behandlung.\",\"publisher\":{\"@id\":\"https:\\\/\\\/espace-chirurgie.ch\\\/fr\\\/#organization\"},\"potentialAction\":[{\"@type\":\"SearchAction\",\"target\":{\"@type\":\"EntryPoint\",\"urlTemplate\":\"https:\\\/\\\/espace-chirurgie.ch\\\/fr\\\/?s={search_term_string}\"},\"query-input\":{\"@type\":\"PropertyValueSpecification\",\"valueRequired\":true,\"valueName\":\"search_term_string\"}}],\"inLanguage\":\"fr-FR\"},{\"@type\":\"Organization\",\"@id\":\"https:\\\/\\\/espace-chirurgie.ch\\\/fr\\\/#organization\",\"name\":\"Espace Chirurgie\",\"url\":\"https:\\\/\\\/espace-chirurgie.ch\\\/fr\\\/\",\"logo\":{\"@type\":\"ImageObject\",\"inLanguage\":\"fr-FR\",\"@id\":\"https:\\\/\\\/espace-chirurgie.ch\\\/fr\\\/#\\\/schema\\\/logo\\\/image\\\/\",\"url\":\"https:\\\/\\\/espace-chirurgie.ch\\\/wp-content\\\/uploads\\\/2019\\\/06\\\/espace-chirurgie-logo.svg\",\"contentUrl\":\"https:\\\/\\\/espace-chirurgie.ch\\\/wp-content\\\/uploads\\\/2019\\\/06\\\/espace-chirurgie-logo.svg\",\"width\":403,\"height\":86,\"caption\":\"Espace Chirurgie\"},\"image\":{\"@id\":\"https:\\\/\\\/espace-chirurgie.ch\\\/fr\\\/#\\\/schema\\\/logo\\\/image\\\/\"},\"sameAs\":[\"https:\\\/\\\/www.facebook.com\\\/espacechirurgie\",\"https:\\\/\\\/www.linkedin.com\\\/company\\\/espace-chirurgie\\\/\"]}]}<\/script>\n<!-- \/ Yoast SEO plugin. -->","yoast_head_json":{"title":"Glandes parathyro\u00efdes &#8211; Espace Chirurgie","robots":{"index":"index","follow":"follow","max-snippet":"max-snippet:-1","max-image-preview":"max-image-preview:large","max-video-preview":"max-video-preview:-1"},"canonical":"https:\/\/espace-chirurgie.ch\/fr\/arbeitsgebiet\/glandes-parathyroides-2\/","og_locale":"fr_FR","og_type":"article","og_title":"Glandes parathyro\u00efdes &#8211; Espace Chirurgie","og_description":"L&rsquo;\u00eatre humain poss\u00e8de au moins quatre parathyro\u00efdes. Anatomiquement, elles se trouvent tr\u00e8s pr\u00e8s de la...","og_url":"https:\/\/espace-chirurgie.ch\/fr\/arbeitsgebiet\/glandes-parathyroides-2\/","og_site_name":"Espace Chirurgie","article_publisher":"https:\/\/www.facebook.com\/espacechirurgie","article_modified_time":"2026-01-12T09:18:45+00:00","twitter_card":"summary_large_image","twitter_misc":{"Dur\u00e9e de lecture estim\u00e9e":"4 minutes"},"schema":{"@context":"https:\/\/schema.org","@graph":[{"@type":"WebPage","@id":"https:\/\/espace-chirurgie.ch\/fr\/arbeitsgebiet\/glandes-parathyroides-2\/","url":"https:\/\/espace-chirurgie.ch\/fr\/arbeitsgebiet\/glandes-parathyroides-2\/","name":"Glandes parathyro\u00efdes &#8211; Espace Chirurgie","isPartOf":{"@id":"https:\/\/espace-chirurgie.ch\/fr\/#website"},"datePublished":"2026-01-12T09:18:44+00:00","dateModified":"2026-01-12T09:18:45+00:00","breadcrumb":{"@id":"https:\/\/espace-chirurgie.ch\/fr\/arbeitsgebiet\/glandes-parathyroides-2\/#breadcrumb"},"inLanguage":"fr-FR","potentialAction":[{"@type":"ReadAction","target":["https:\/\/espace-chirurgie.ch\/fr\/arbeitsgebiet\/glandes-parathyroides-2\/"]}]},{"@type":"BreadcrumbList","@id":"https:\/\/espace-chirurgie.ch\/fr\/arbeitsgebiet\/glandes-parathyroides-2\/#breadcrumb","itemListElement":[{"@type":"ListItem","position":1,"name":"Startseite","item":"https:\/\/espace-chirurgie.ch\/fr\/"},{"@type":"ListItem","position":2,"name":"Glandes parathyro\u00efdes"}]},{"@type":"WebSite","@id":"https:\/\/espace-chirurgie.ch\/fr\/#website","url":"https:\/\/espace-chirurgie.ch\/fr\/","name":"Espace Chirurgie","description":"Zentrum mit modernster und qualitativ hochwertiger chirurgischer Behandlung.","publisher":{"@id":"https:\/\/espace-chirurgie.ch\/fr\/#organization"},"potentialAction":[{"@type":"SearchAction","target":{"@type":"EntryPoint","urlTemplate":"https:\/\/espace-chirurgie.ch\/fr\/?s={search_term_string}"},"query-input":{"@type":"PropertyValueSpecification","valueRequired":true,"valueName":"search_term_string"}}],"inLanguage":"fr-FR"},{"@type":"Organization","@id":"https:\/\/espace-chirurgie.ch\/fr\/#organization","name":"Espace Chirurgie","url":"https:\/\/espace-chirurgie.ch\/fr\/","logo":{"@type":"ImageObject","inLanguage":"fr-FR","@id":"https:\/\/espace-chirurgie.ch\/fr\/#\/schema\/logo\/image\/","url":"https:\/\/espace-chirurgie.ch\/wp-content\/uploads\/2019\/06\/espace-chirurgie-logo.svg","contentUrl":"https:\/\/espace-chirurgie.ch\/wp-content\/uploads\/2019\/06\/espace-chirurgie-logo.svg","width":403,"height":86,"caption":"Espace Chirurgie"},"image":{"@id":"https:\/\/espace-chirurgie.ch\/fr\/#\/schema\/logo\/image\/"},"sameAs":["https:\/\/www.facebook.com\/espacechirurgie","https:\/\/www.linkedin.com\/company\/espace-chirurgie\/"]}]}},"_links":{"self":[{"href":"https:\/\/espace-chirurgie.ch\/fr\/wp-json\/wp\/v2\/sht_areas\/5313","targetHints":{"allow":["GET"]}}],"collection":[{"href":"https:\/\/espace-chirurgie.ch\/fr\/wp-json\/wp\/v2\/sht_areas"}],"about":[{"href":"https:\/\/espace-chirurgie.ch\/fr\/wp-json\/wp\/v2\/types\/sht_areas"}],"version-history":[{"count":1,"href":"https:\/\/espace-chirurgie.ch\/fr\/wp-json\/wp\/v2\/sht_areas\/5313\/revisions"}],"predecessor-version":[{"id":5314,"href":"https:\/\/espace-chirurgie.ch\/fr\/wp-json\/wp\/v2\/sht_areas\/5313\/revisions\/5314"}],"wp:attachment":[{"href":"https:\/\/espace-chirurgie.ch\/fr\/wp-json\/wp\/v2\/media?parent=5313"}],"wp:term":[{"taxonomy":"sht_areas_category","embeddable":true,"href":"https:\/\/espace-chirurgie.ch\/fr\/wp-json\/wp\/v2\/sht_areas_category?post=5313"}],"curies":[{"name":"wp","href":"https:\/\/api.w.org\/{rel}","templated":true}]}}