{"id":5323,"date":"2026-01-12T10:24:18","date_gmt":"2026-01-12T09:24:18","guid":{"rendered":"https:\/\/espace-chirurgie.ch\/?post_type=sht_areas&#038;p=5323"},"modified":"2026-01-12T10:24:19","modified_gmt":"2026-01-12T09:24:19","slug":"rate-ablation-chirurgicale-de-la-rate-splenectomie-2","status":"publish","type":"sht_areas","link":"https:\/\/espace-chirurgie.ch\/fr\/arbeitsgebiet\/rate-ablation-chirurgicale-de-la-rate-splenectomie-2\/","title":{"rendered":"Rate &#8211; Ablation chirurgicale de la rate (spl\u00e9nectomie)"},"content":{"rendered":"\n<p>Dans certaines formes de cancer du sang ou de maladies auto-immunes, la rate peut beaucoup grossir. Son d\u00e9placement local peut entra\u00eener des douleurs, des probl\u00e8mes de digestion ou une sensation de r\u00e9pl\u00e9tion. Outre les sympt\u00f4mes locaux, les plaquettes et les globules rouges (\u00e9rythrocytes) sont d\u00e9t\u00e9rior\u00e9s lors de la travers\u00e9e de la rate, ce qui peut conduire \u00e0 une an\u00e9mie et \u00e0 une coagulation sanguine limit\u00e9e. Si les sympt\u00f4mes continuent \u00e0 progresser, l&rsquo;ablation de la rate peut s&rsquo;av\u00e9rer n\u00e9cessaire. Selon sa taille, l&rsquo;ablation peut se faire par laparoscopie (mini-invasive) ou au moyen d&rsquo;une incision ventrale. Apr\u00e8s une ablation de la rate, il faut vacciner contre le pneumocoque, le m\u00e9ningocoque et la m\u00e9ningite \u00e0 Haemophilus influenzae de type B afin de pr\u00e9venir de graves infections.<\/p>\n","protected":false},"template":"","sht_areas_category":[46],"class_list":["post-5323","sht_areas","type-sht_areas","status-publish","hentry"],"acf":[],"yoast_head":"<!-- This site is optimized with the Yoast SEO plugin v27.5 - https:\/\/yoast.com\/product\/yoast-seo-wordpress\/ -->\n<title>Rate - Ablation chirurgicale de la rate (spl\u00e9nectomie) &#8211; Espace Chirurgie<\/title>\n<meta name=\"robots\" content=\"index, follow, max-snippet:-1, max-image-preview:large, max-video-preview:-1\" \/>\n<link rel=\"canonical\" href=\"https:\/\/espace-chirurgie.ch\/fr\/arbeitsgebiet\/rate-ablation-chirurgicale-de-la-rate-splenectomie-2\/\" \/>\n<meta property=\"og:locale\" content=\"fr_FR\" \/>\n<meta property=\"og:type\" content=\"article\" \/>\n<meta property=\"og:title\" content=\"Rate - Ablation chirurgicale de la rate (spl\u00e9nectomie) &#8211; Espace Chirurgie\" \/>\n<meta property=\"og:description\" content=\"Dans certaines formes de cancer du sang ou de maladies auto-immunes, la rate peut beaucoup...\" \/>\n<meta property=\"og:url\" content=\"https:\/\/espace-chirurgie.ch\/fr\/arbeitsgebiet\/rate-ablation-chirurgicale-de-la-rate-splenectomie-2\/\" \/>\n<meta property=\"og:site_name\" content=\"Espace Chirurgie\" \/>\n<meta property=\"article:publisher\" content=\"https:\/\/www.facebook.com\/espacechirurgie\" \/>\n<meta property=\"article:modified_time\" content=\"2026-01-12T09:24:19+00:00\" \/>\n<meta name=\"twitter:card\" content=\"summary_large_image\" \/>\n<meta name=\"twitter:label1\" content=\"Dur\u00e9e de lecture estim\u00e9e\" \/>\n\t<meta name=\"twitter:data1\" content=\"1 minute\" \/>\n<script type=\"application\/ld+json\" class=\"yoast-schema-graph\">{\"@context\":\"https:\\\/\\\/schema.org\",\"@graph\":[{\"@type\":\"WebPage\",\"@id\":\"https:\\\/\\\/espace-chirurgie.ch\\\/fr\\\/arbeitsgebiet\\\/rate-ablation-chirurgicale-de-la-rate-splenectomie-2\\\/\",\"url\":\"https:\\\/\\\/espace-chirurgie.ch\\\/fr\\\/arbeitsgebiet\\\/rate-ablation-chirurgicale-de-la-rate-splenectomie-2\\\/\",\"name\":\"Rate - Ablation chirurgicale de la rate (spl\u00e9nectomie) &#8211; Espace Chirurgie\",\"isPartOf\":{\"@id\":\"https:\\\/\\\/espace-chirurgie.ch\\\/fr\\\/#website\"},\"datePublished\":\"2026-01-12T09:24:18+00:00\",\"dateModified\":\"2026-01-12T09:24:19+00:00\",\"breadcrumb\":{\"@id\":\"https:\\\/\\\/espace-chirurgie.ch\\\/fr\\\/arbeitsgebiet\\\/rate-ablation-chirurgicale-de-la-rate-splenectomie-2\\\/#breadcrumb\"},\"inLanguage\":\"fr-FR\",\"potentialAction\":[{\"@type\":\"ReadAction\",\"target\":[\"https:\\\/\\\/espace-chirurgie.ch\\\/fr\\\/arbeitsgebiet\\\/rate-ablation-chirurgicale-de-la-rate-splenectomie-2\\\/\"]}]},{\"@type\":\"BreadcrumbList\",\"@id\":\"https:\\\/\\\/espace-chirurgie.ch\\\/fr\\\/arbeitsgebiet\\\/rate-ablation-chirurgicale-de-la-rate-splenectomie-2\\\/#breadcrumb\",\"itemListElement\":[{\"@type\":\"ListItem\",\"position\":1,\"name\":\"Startseite\",\"item\":\"https:\\\/\\\/espace-chirurgie.ch\\\/fr\\\/\"},{\"@type\":\"ListItem\",\"position\":2,\"name\":\"Rate &#8211; Ablation chirurgicale de la rate (spl\u00e9nectomie)\"}]},{\"@type\":\"WebSite\",\"@id\":\"https:\\\/\\\/espace-chirurgie.ch\\\/fr\\\/#website\",\"url\":\"https:\\\/\\\/espace-chirurgie.ch\\\/fr\\\/\",\"name\":\"Espace Chirurgie\",\"description\":\"Zentrum mit modernster und qualitativ hochwertiger chirurgischer Behandlung.\",\"publisher\":{\"@id\":\"https:\\\/\\\/espace-chirurgie.ch\\\/fr\\\/#organization\"},\"potentialAction\":[{\"@type\":\"SearchAction\",\"target\":{\"@type\":\"EntryPoint\",\"urlTemplate\":\"https:\\\/\\\/espace-chirurgie.ch\\\/fr\\\/?s={search_term_string}\"},\"query-input\":{\"@type\":\"PropertyValueSpecification\",\"valueRequired\":true,\"valueName\":\"search_term_string\"}}],\"inLanguage\":\"fr-FR\"},{\"@type\":\"Organization\",\"@id\":\"https:\\\/\\\/espace-chirurgie.ch\\\/fr\\\/#organization\",\"name\":\"Espace Chirurgie\",\"url\":\"https:\\\/\\\/espace-chirurgie.ch\\\/fr\\\/\",\"logo\":{\"@type\":\"ImageObject\",\"inLanguage\":\"fr-FR\",\"@id\":\"https:\\\/\\\/espace-chirurgie.ch\\\/fr\\\/#\\\/schema\\\/logo\\\/image\\\/\",\"url\":\"https:\\\/\\\/espace-chirurgie.ch\\\/wp-content\\\/uploads\\\/2019\\\/06\\\/espace-chirurgie-logo.svg\",\"contentUrl\":\"https:\\\/\\\/espace-chirurgie.ch\\\/wp-content\\\/uploads\\\/2019\\\/06\\\/espace-chirurgie-logo.svg\",\"width\":403,\"height\":86,\"caption\":\"Espace Chirurgie\"},\"image\":{\"@id\":\"https:\\\/\\\/espace-chirurgie.ch\\\/fr\\\/#\\\/schema\\\/logo\\\/image\\\/\"},\"sameAs\":[\"https:\\\/\\\/www.facebook.com\\\/espacechirurgie\",\"https:\\\/\\\/www.linkedin.com\\\/company\\\/espace-chirurgie\\\/\"]}]}<\/script>\n<!-- \/ Yoast SEO plugin. -->","yoast_head_json":{"title":"Rate - Ablation chirurgicale de la rate (spl\u00e9nectomie) &#8211; Espace Chirurgie","robots":{"index":"index","follow":"follow","max-snippet":"max-snippet:-1","max-image-preview":"max-image-preview:large","max-video-preview":"max-video-preview:-1"},"canonical":"https:\/\/espace-chirurgie.ch\/fr\/arbeitsgebiet\/rate-ablation-chirurgicale-de-la-rate-splenectomie-2\/","og_locale":"fr_FR","og_type":"article","og_title":"Rate - Ablation chirurgicale de la rate (spl\u00e9nectomie) &#8211; Espace Chirurgie","og_description":"Dans certaines formes de cancer du sang ou de maladies auto-immunes, la rate peut beaucoup...","og_url":"https:\/\/espace-chirurgie.ch\/fr\/arbeitsgebiet\/rate-ablation-chirurgicale-de-la-rate-splenectomie-2\/","og_site_name":"Espace Chirurgie","article_publisher":"https:\/\/www.facebook.com\/espacechirurgie","article_modified_time":"2026-01-12T09:24:19+00:00","twitter_card":"summary_large_image","twitter_misc":{"Dur\u00e9e de lecture estim\u00e9e":"1 minute"},"schema":{"@context":"https:\/\/schema.org","@graph":[{"@type":"WebPage","@id":"https:\/\/espace-chirurgie.ch\/fr\/arbeitsgebiet\/rate-ablation-chirurgicale-de-la-rate-splenectomie-2\/","url":"https:\/\/espace-chirurgie.ch\/fr\/arbeitsgebiet\/rate-ablation-chirurgicale-de-la-rate-splenectomie-2\/","name":"Rate - Ablation chirurgicale de la rate (spl\u00e9nectomie) &#8211; Espace Chirurgie","isPartOf":{"@id":"https:\/\/espace-chirurgie.ch\/fr\/#website"},"datePublished":"2026-01-12T09:24:18+00:00","dateModified":"2026-01-12T09:24:19+00:00","breadcrumb":{"@id":"https:\/\/espace-chirurgie.ch\/fr\/arbeitsgebiet\/rate-ablation-chirurgicale-de-la-rate-splenectomie-2\/#breadcrumb"},"inLanguage":"fr-FR","potentialAction":[{"@type":"ReadAction","target":["https:\/\/espace-chirurgie.ch\/fr\/arbeitsgebiet\/rate-ablation-chirurgicale-de-la-rate-splenectomie-2\/"]}]},{"@type":"BreadcrumbList","@id":"https:\/\/espace-chirurgie.ch\/fr\/arbeitsgebiet\/rate-ablation-chirurgicale-de-la-rate-splenectomie-2\/#breadcrumb","itemListElement":[{"@type":"ListItem","position":1,"name":"Startseite","item":"https:\/\/espace-chirurgie.ch\/fr\/"},{"@type":"ListItem","position":2,"name":"Rate &#8211; Ablation chirurgicale de la rate (spl\u00e9nectomie)"}]},{"@type":"WebSite","@id":"https:\/\/espace-chirurgie.ch\/fr\/#website","url":"https:\/\/espace-chirurgie.ch\/fr\/","name":"Espace Chirurgie","description":"Zentrum mit modernster und qualitativ hochwertiger chirurgischer Behandlung.","publisher":{"@id":"https:\/\/espace-chirurgie.ch\/fr\/#organization"},"potentialAction":[{"@type":"SearchAction","target":{"@type":"EntryPoint","urlTemplate":"https:\/\/espace-chirurgie.ch\/fr\/?s={search_term_string}"},"query-input":{"@type":"PropertyValueSpecification","valueRequired":true,"valueName":"search_term_string"}}],"inLanguage":"fr-FR"},{"@type":"Organization","@id":"https:\/\/espace-chirurgie.ch\/fr\/#organization","name":"Espace Chirurgie","url":"https:\/\/espace-chirurgie.ch\/fr\/","logo":{"@type":"ImageObject","inLanguage":"fr-FR","@id":"https:\/\/espace-chirurgie.ch\/fr\/#\/schema\/logo\/image\/","url":"https:\/\/espace-chirurgie.ch\/wp-content\/uploads\/2019\/06\/espace-chirurgie-logo.svg","contentUrl":"https:\/\/espace-chirurgie.ch\/wp-content\/uploads\/2019\/06\/espace-chirurgie-logo.svg","width":403,"height":86,"caption":"Espace Chirurgie"},"image":{"@id":"https:\/\/espace-chirurgie.ch\/fr\/#\/schema\/logo\/image\/"},"sameAs":["https:\/\/www.facebook.com\/espacechirurgie","https:\/\/www.linkedin.com\/company\/espace-chirurgie\/"]}]}},"_links":{"self":[{"href":"https:\/\/espace-chirurgie.ch\/fr\/wp-json\/wp\/v2\/sht_areas\/5323","targetHints":{"allow":["GET"]}}],"collection":[{"href":"https:\/\/espace-chirurgie.ch\/fr\/wp-json\/wp\/v2\/sht_areas"}],"about":[{"href":"https:\/\/espace-chirurgie.ch\/fr\/wp-json\/wp\/v2\/types\/sht_areas"}],"version-history":[{"count":1,"href":"https:\/\/espace-chirurgie.ch\/fr\/wp-json\/wp\/v2\/sht_areas\/5323\/revisions"}],"predecessor-version":[{"id":5324,"href":"https:\/\/espace-chirurgie.ch\/fr\/wp-json\/wp\/v2\/sht_areas\/5323\/revisions\/5324"}],"wp:attachment":[{"href":"https:\/\/espace-chirurgie.ch\/fr\/wp-json\/wp\/v2\/media?parent=5323"}],"wp:term":[{"taxonomy":"sht_areas_category","embeddable":true,"href":"https:\/\/espace-chirurgie.ch\/fr\/wp-json\/wp\/v2\/sht_areas_category?post=5323"}],"curies":[{"name":"wp","href":"https:\/\/api.w.org\/{rel}","templated":true}]}}