{"id":5329,"date":"2026-01-12T10:28:36","date_gmt":"2026-01-12T09:28:36","guid":{"rendered":"https:\/\/espace-chirurgie.ch\/?post_type=sht_areas&#038;p=5329"},"modified":"2026-01-12T10:28:38","modified_gmt":"2026-01-12T09:28:38","slug":"maladie-des-glandes-surrenales-relevant-de-la-chirurgie-2","status":"publish","type":"sht_areas","link":"https:\/\/espace-chirurgie.ch\/fr\/arbeitsgebiet\/maladie-des-glandes-surrenales-relevant-de-la-chirurgie-2\/","title":{"rendered":"Maladie des glandes surr\u00e9nales relevant de la chirurgie"},"content":{"rendered":"\n<p>Les glandes surr\u00e9nales, comme leur nom l&rsquo;indique, se trouvent sur les reins. Ce sont des organes ind\u00e9pendants qui s\u00e9cr\u00e8tent des hormones (endocriniens) et leur fonction est s\u00e9par\u00e9e de celle des reins. Les surr\u00e9nales sont constitu\u00e9es d&rsquo;une corticosurr\u00e9nale, qui produit de l&rsquo;aldost\u00e9rone, de la cortisone et des hormones sexuelles, ainsi que d&rsquo;une m\u00e9dullosurr\u00e9nale qui d\u00e9verse des hormones du stress dans la circulation sanguine. Chaque r\u00e9gion peut d\u00e9clencher des troubles hormonaux et former des tumeurs tant b\u00e9nignes que malignes. Selon l&rsquo;hormone qui est s\u00e9cr\u00e9t\u00e9e en exc\u00e9dent, les sympt\u00f4mes sont totalement diff\u00e9rents.<\/p>\n\n\n\n<h2 class=\"wp-block-heading\">Syndrome de Conn<\/h2>\n\n\n\n<p>Le syndrome de Conn se caract\u00e9rise par une s\u00e9cr\u00e9tion accrue d&rsquo;aldost\u00e9rone et entra\u00eene une hypertension art\u00e9rielle. 5 % environ de tous les patients atteints d&rsquo;hypertension art\u00e9rielle pr\u00e9sentent une s\u00e9cr\u00e9tion accrue d&rsquo;aldost\u00e9rone. Selon la cause, on distingue le grossissement bilat\u00e9ral de la corticosurr\u00e9nale (CSR) et la formation de nodules b\u00e9nins (ad\u00e9nome). Les carcinomes sont extr\u00eamement rares.<\/p>\n\n\n\n<h2 class=\"wp-block-heading\">Syndrome de Cushing<\/h2>\n\n\n\n<p>Dans le syndrome de Cushing, le corps produit trop de cortisol. Ceci perturbe la r\u00e9gulation de la glyc\u00e9mie et peut d\u00e9clencher un diab\u00e8te, une hypertension art\u00e9rielle et de l&rsquo;ost\u00e9oporose. Du fait d&rsquo;une nouvelle r\u00e9partition, des coussinets adipeux, les personnes concern\u00e9es ont un aspect caract\u00e9ristique (aspect \u00ab\u00a0pleine lune\u00a0\u00bb du visage, ob\u00e9sit\u00e9 du tronc).<\/p>\n\n\n\n<p>A l&rsquo;origine du syndrome de Cushing il peut y avoir des m\u00e9dicaments. Le d\u00e9clencheur le plus fr\u00e9quent est le traitement longue dur\u00e9e \u00e0 la cortisone. Mais une maladie de l&rsquo;hypophyse, lors de laquelle les deux surr\u00e9nales sont touch\u00e9es, entre \u00e9galement en ligne de compte. Un ad\u00e9nome de la corticosurr\u00e9nale est rarement responsable de la s\u00e9cr\u00e9tion accrue de cortisol.<\/p>\n\n\n\n<h2 class=\"wp-block-heading\">Ph\u00e9ochromocytome<\/h2>\n\n\n\n<p>Une s\u00e9cr\u00e9tion excessive d&rsquo;hormones du stress, provoqu\u00e9e par des tumeurs le plus souvent b\u00e9nignes de la m\u00e9dullosurr\u00e9nale, est appel\u00e9e ph\u00e9ochromocytome. Les sympt\u00f4mes consistent en une hypertension art\u00e9rielle difficile \u00e0 stabiliser. Dans de rares cas, la maladie est g\u00e9n\u00e9tique et peut survenir fr\u00e9quemment dans la famille. Aujourd&rsquo;hui, une analyse g\u00e9n\u00e9tique des familles touch\u00e9es est possible.<\/p>\n\n\n\n<h2 class=\"wp-block-heading\">Grossissement des surr\u00e9nales et carcinomes<\/h2>\n\n\n\n<p>Des m\u00e9thodes d&rsquo;imagerie m\u00e9dicale performantes permettent de constater, souvent par hasard, le grossissement d&rsquo;une surr\u00e9nale. Dans la majorit\u00e9 des cas, ces ad\u00e9nomes ne s\u00e9cr\u00e8tent pas d&rsquo;hormones et peuvent b\u00e9n\u00e9ficier d&rsquo;un traitement d&rsquo;attente. Dans 20 % des cas environ, le d\u00e9pistage mettra en \u00e9vidence une hypers\u00e9cr\u00e9tion d&rsquo;hormones (voir ci-dessus). Les carcinomes des surr\u00e9nales sont responsables de seulement 5 % de tous les grossissements de celles-ci. Ils sont probables lorsque la surr\u00e9nale a d\u00e9j\u00e0 une taille sup\u00e9rieure \u00e0 six centim\u00e8tres.<\/p>\n\n\n\n<h2 class=\"wp-block-heading\">Op\u00e9rations des surr\u00e9nales<\/h2>\n\n\n\n<p>Les ad\u00e9nomes s\u00e9cr\u00e9tants des surr\u00e9nales sont trait\u00e9s aujourd&rsquo;hui, de pr\u00e9f\u00e9rence, avec des techniques mini-invasives (chirurgie \u00ab\u00a0par le trou de la serrure\u00a0\u00bb ou laparoscopie). Dans des mains expertes, ces techniques permettent une op\u00e9ration tr\u00e8s pr\u00e9cautionneuse avec ablation radicale de la surr\u00e9nale concern\u00e9e tout en conservant les organes voisins.<\/p>\n","protected":false},"template":"","sht_areas_category":[46],"class_list":["post-5329","sht_areas","type-sht_areas","status-publish","hentry"],"acf":[],"yoast_head":"<!-- This site is optimized with the Yoast SEO plugin v27.5 - https:\/\/yoast.com\/product\/yoast-seo-wordpress\/ -->\n<title>Maladie des glandes surr\u00e9nales relevant de la chirurgie &#8211; Espace Chirurgie<\/title>\n<meta name=\"robots\" content=\"index, follow, max-snippet:-1, max-image-preview:large, max-video-preview:-1\" \/>\n<link rel=\"canonical\" href=\"https:\/\/espace-chirurgie.ch\/fr\/arbeitsgebiet\/maladie-des-glandes-surrenales-relevant-de-la-chirurgie-2\/\" \/>\n<meta property=\"og:locale\" content=\"fr_FR\" \/>\n<meta property=\"og:type\" content=\"article\" \/>\n<meta property=\"og:title\" content=\"Maladie des glandes surr\u00e9nales relevant de la chirurgie &#8211; Espace Chirurgie\" \/>\n<meta property=\"og:description\" content=\"Les glandes surr\u00e9nales, comme leur nom l&rsquo;indique, se trouvent sur les reins. Ce sont des...\" \/>\n<meta property=\"og:url\" content=\"https:\/\/espace-chirurgie.ch\/fr\/arbeitsgebiet\/maladie-des-glandes-surrenales-relevant-de-la-chirurgie-2\/\" \/>\n<meta property=\"og:site_name\" content=\"Espace Chirurgie\" \/>\n<meta property=\"article:publisher\" content=\"https:\/\/www.facebook.com\/espacechirurgie\" \/>\n<meta property=\"article:modified_time\" content=\"2026-01-12T09:28:38+00:00\" \/>\n<meta name=\"twitter:card\" content=\"summary_large_image\" \/>\n<meta name=\"twitter:label1\" content=\"Dur\u00e9e de lecture estim\u00e9e\" \/>\n\t<meta name=\"twitter:data1\" content=\"3 minutes\" \/>\n<script type=\"application\/ld+json\" class=\"yoast-schema-graph\">{\"@context\":\"https:\\\/\\\/schema.org\",\"@graph\":[{\"@type\":\"WebPage\",\"@id\":\"https:\\\/\\\/espace-chirurgie.ch\\\/fr\\\/arbeitsgebiet\\\/maladie-des-glandes-surrenales-relevant-de-la-chirurgie-2\\\/\",\"url\":\"https:\\\/\\\/espace-chirurgie.ch\\\/fr\\\/arbeitsgebiet\\\/maladie-des-glandes-surrenales-relevant-de-la-chirurgie-2\\\/\",\"name\":\"Maladie des glandes surr\u00e9nales relevant de la chirurgie &#8211; Espace Chirurgie\",\"isPartOf\":{\"@id\":\"https:\\\/\\\/espace-chirurgie.ch\\\/fr\\\/#website\"},\"datePublished\":\"2026-01-12T09:28:36+00:00\",\"dateModified\":\"2026-01-12T09:28:38+00:00\",\"breadcrumb\":{\"@id\":\"https:\\\/\\\/espace-chirurgie.ch\\\/fr\\\/arbeitsgebiet\\\/maladie-des-glandes-surrenales-relevant-de-la-chirurgie-2\\\/#breadcrumb\"},\"inLanguage\":\"fr-FR\",\"potentialAction\":[{\"@type\":\"ReadAction\",\"target\":[\"https:\\\/\\\/espace-chirurgie.ch\\\/fr\\\/arbeitsgebiet\\\/maladie-des-glandes-surrenales-relevant-de-la-chirurgie-2\\\/\"]}]},{\"@type\":\"BreadcrumbList\",\"@id\":\"https:\\\/\\\/espace-chirurgie.ch\\\/fr\\\/arbeitsgebiet\\\/maladie-des-glandes-surrenales-relevant-de-la-chirurgie-2\\\/#breadcrumb\",\"itemListElement\":[{\"@type\":\"ListItem\",\"position\":1,\"name\":\"Startseite\",\"item\":\"https:\\\/\\\/espace-chirurgie.ch\\\/fr\\\/\"},{\"@type\":\"ListItem\",\"position\":2,\"name\":\"Maladie des glandes surr\u00e9nales relevant de la chirurgie\"}]},{\"@type\":\"WebSite\",\"@id\":\"https:\\\/\\\/espace-chirurgie.ch\\\/fr\\\/#website\",\"url\":\"https:\\\/\\\/espace-chirurgie.ch\\\/fr\\\/\",\"name\":\"Espace Chirurgie\",\"description\":\"Zentrum mit modernster und qualitativ hochwertiger chirurgischer Behandlung.\",\"publisher\":{\"@id\":\"https:\\\/\\\/espace-chirurgie.ch\\\/fr\\\/#organization\"},\"potentialAction\":[{\"@type\":\"SearchAction\",\"target\":{\"@type\":\"EntryPoint\",\"urlTemplate\":\"https:\\\/\\\/espace-chirurgie.ch\\\/fr\\\/?s={search_term_string}\"},\"query-input\":{\"@type\":\"PropertyValueSpecification\",\"valueRequired\":true,\"valueName\":\"search_term_string\"}}],\"inLanguage\":\"fr-FR\"},{\"@type\":\"Organization\",\"@id\":\"https:\\\/\\\/espace-chirurgie.ch\\\/fr\\\/#organization\",\"name\":\"Espace Chirurgie\",\"url\":\"https:\\\/\\\/espace-chirurgie.ch\\\/fr\\\/\",\"logo\":{\"@type\":\"ImageObject\",\"inLanguage\":\"fr-FR\",\"@id\":\"https:\\\/\\\/espace-chirurgie.ch\\\/fr\\\/#\\\/schema\\\/logo\\\/image\\\/\",\"url\":\"https:\\\/\\\/espace-chirurgie.ch\\\/wp-content\\\/uploads\\\/2019\\\/06\\\/espace-chirurgie-logo.svg\",\"contentUrl\":\"https:\\\/\\\/espace-chirurgie.ch\\\/wp-content\\\/uploads\\\/2019\\\/06\\\/espace-chirurgie-logo.svg\",\"width\":403,\"height\":86,\"caption\":\"Espace Chirurgie\"},\"image\":{\"@id\":\"https:\\\/\\\/espace-chirurgie.ch\\\/fr\\\/#\\\/schema\\\/logo\\\/image\\\/\"},\"sameAs\":[\"https:\\\/\\\/www.facebook.com\\\/espacechirurgie\",\"https:\\\/\\\/www.linkedin.com\\\/company\\\/espace-chirurgie\\\/\"]}]}<\/script>\n<!-- \/ Yoast SEO plugin. -->","yoast_head_json":{"title":"Maladie des glandes surr\u00e9nales relevant de la chirurgie &#8211; Espace Chirurgie","robots":{"index":"index","follow":"follow","max-snippet":"max-snippet:-1","max-image-preview":"max-image-preview:large","max-video-preview":"max-video-preview:-1"},"canonical":"https:\/\/espace-chirurgie.ch\/fr\/arbeitsgebiet\/maladie-des-glandes-surrenales-relevant-de-la-chirurgie-2\/","og_locale":"fr_FR","og_type":"article","og_title":"Maladie des glandes surr\u00e9nales relevant de la chirurgie &#8211; Espace Chirurgie","og_description":"Les glandes surr\u00e9nales, comme leur nom l&rsquo;indique, se trouvent sur les reins. Ce sont des...","og_url":"https:\/\/espace-chirurgie.ch\/fr\/arbeitsgebiet\/maladie-des-glandes-surrenales-relevant-de-la-chirurgie-2\/","og_site_name":"Espace Chirurgie","article_publisher":"https:\/\/www.facebook.com\/espacechirurgie","article_modified_time":"2026-01-12T09:28:38+00:00","twitter_card":"summary_large_image","twitter_misc":{"Dur\u00e9e de lecture estim\u00e9e":"3 minutes"},"schema":{"@context":"https:\/\/schema.org","@graph":[{"@type":"WebPage","@id":"https:\/\/espace-chirurgie.ch\/fr\/arbeitsgebiet\/maladie-des-glandes-surrenales-relevant-de-la-chirurgie-2\/","url":"https:\/\/espace-chirurgie.ch\/fr\/arbeitsgebiet\/maladie-des-glandes-surrenales-relevant-de-la-chirurgie-2\/","name":"Maladie des glandes surr\u00e9nales relevant de la chirurgie &#8211; Espace Chirurgie","isPartOf":{"@id":"https:\/\/espace-chirurgie.ch\/fr\/#website"},"datePublished":"2026-01-12T09:28:36+00:00","dateModified":"2026-01-12T09:28:38+00:00","breadcrumb":{"@id":"https:\/\/espace-chirurgie.ch\/fr\/arbeitsgebiet\/maladie-des-glandes-surrenales-relevant-de-la-chirurgie-2\/#breadcrumb"},"inLanguage":"fr-FR","potentialAction":[{"@type":"ReadAction","target":["https:\/\/espace-chirurgie.ch\/fr\/arbeitsgebiet\/maladie-des-glandes-surrenales-relevant-de-la-chirurgie-2\/"]}]},{"@type":"BreadcrumbList","@id":"https:\/\/espace-chirurgie.ch\/fr\/arbeitsgebiet\/maladie-des-glandes-surrenales-relevant-de-la-chirurgie-2\/#breadcrumb","itemListElement":[{"@type":"ListItem","position":1,"name":"Startseite","item":"https:\/\/espace-chirurgie.ch\/fr\/"},{"@type":"ListItem","position":2,"name":"Maladie des glandes surr\u00e9nales relevant de la chirurgie"}]},{"@type":"WebSite","@id":"https:\/\/espace-chirurgie.ch\/fr\/#website","url":"https:\/\/espace-chirurgie.ch\/fr\/","name":"Espace Chirurgie","description":"Zentrum mit modernster und qualitativ hochwertiger chirurgischer Behandlung.","publisher":{"@id":"https:\/\/espace-chirurgie.ch\/fr\/#organization"},"potentialAction":[{"@type":"SearchAction","target":{"@type":"EntryPoint","urlTemplate":"https:\/\/espace-chirurgie.ch\/fr\/?s={search_term_string}"},"query-input":{"@type":"PropertyValueSpecification","valueRequired":true,"valueName":"search_term_string"}}],"inLanguage":"fr-FR"},{"@type":"Organization","@id":"https:\/\/espace-chirurgie.ch\/fr\/#organization","name":"Espace Chirurgie","url":"https:\/\/espace-chirurgie.ch\/fr\/","logo":{"@type":"ImageObject","inLanguage":"fr-FR","@id":"https:\/\/espace-chirurgie.ch\/fr\/#\/schema\/logo\/image\/","url":"https:\/\/espace-chirurgie.ch\/wp-content\/uploads\/2019\/06\/espace-chirurgie-logo.svg","contentUrl":"https:\/\/espace-chirurgie.ch\/wp-content\/uploads\/2019\/06\/espace-chirurgie-logo.svg","width":403,"height":86,"caption":"Espace Chirurgie"},"image":{"@id":"https:\/\/espace-chirurgie.ch\/fr\/#\/schema\/logo\/image\/"},"sameAs":["https:\/\/www.facebook.com\/espacechirurgie","https:\/\/www.linkedin.com\/company\/espace-chirurgie\/"]}]}},"_links":{"self":[{"href":"https:\/\/espace-chirurgie.ch\/fr\/wp-json\/wp\/v2\/sht_areas\/5329","targetHints":{"allow":["GET"]}}],"collection":[{"href":"https:\/\/espace-chirurgie.ch\/fr\/wp-json\/wp\/v2\/sht_areas"}],"about":[{"href":"https:\/\/espace-chirurgie.ch\/fr\/wp-json\/wp\/v2\/types\/sht_areas"}],"version-history":[{"count":1,"href":"https:\/\/espace-chirurgie.ch\/fr\/wp-json\/wp\/v2\/sht_areas\/5329\/revisions"}],"predecessor-version":[{"id":5330,"href":"https:\/\/espace-chirurgie.ch\/fr\/wp-json\/wp\/v2\/sht_areas\/5329\/revisions\/5330"}],"wp:attachment":[{"href":"https:\/\/espace-chirurgie.ch\/fr\/wp-json\/wp\/v2\/media?parent=5329"}],"wp:term":[{"taxonomy":"sht_areas_category","embeddable":true,"href":"https:\/\/espace-chirurgie.ch\/fr\/wp-json\/wp\/v2\/sht_areas_category?post=5329"}],"curies":[{"name":"wp","href":"https:\/\/api.w.org\/{rel}","templated":true}]}}