{"id":5332,"date":"2026-01-12T10:29:26","date_gmt":"2026-01-12T09:29:26","guid":{"rendered":"https:\/\/espace-chirurgie.ch\/?post_type=sht_areas&#038;p=5332"},"modified":"2026-01-12T10:29:27","modified_gmt":"2026-01-12T09:29:27","slug":"cancer-du-colon-carcinome-du-colon-2","status":"publish","type":"sht_areas","link":"https:\/\/espace-chirurgie.ch\/fr\/arbeitsgebiet\/cancer-du-colon-carcinome-du-colon-2\/","title":{"rendered":"Cancer du c\u00f4lon (carcinome du c\u00f4lon)"},"content":{"rendered":"\n<p>Le cancer du c\u00f4lon fait partie des tumeurs malignes les plus fr\u00e9quentes de l&rsquo;adulte. La plupart du temps, le carcinome prend des ann\u00e9es pour se d\u00e9velopper \u00e0 partir d&rsquo;un polype b\u00e9nin au d\u00e9part et qui d\u00e9g\u00e9n\u00e8re avec le temps. Cette pathologie touche autant les hommes que les femmes. Le carcinome du c\u00f4lon est plus fr\u00e9quent avec l&rsquo;\u00e2ge ; par contre, les personnes de moins de 40 ans ne sont que tr\u00e8s rarement touch\u00e9es.<\/p>\n\n\n\n<h2 class=\"wp-block-heading\">Sympt\u00f4mes<\/h2>\n\n\n\n<p>Les principaux sympt\u00f4mes du cancer du c\u00f4lon sont des saignements, des selles glaireuses et qui deviennent irr\u00e9guli\u00e8res. Toute modification durable des selles (forme, fr\u00e9quence, traces de sang) devrait donc \u00eatre imp\u00e9rativement examin\u00e9e. <\/p>\n\n\n\n<h2 class=\"wp-block-heading\">Diagnostic<\/h2>\n\n\n\n<p>Le diagnostic est pos\u00e9 \u00e0 l&rsquo;aide d&rsquo;une coloscopie et d&rsquo;un pr\u00e9l\u00e8vement (biopsie). Justement en ce qui concerne l&rsquo;intestin, nous proc\u00e9dons \u00e0 des examens pr\u00e9ventifs pour pouvoir d\u00e9tecter \u00e0 temps les stades pr\u00e9curseurs du cancer du c\u00f4lon. En outre, des analyses de sang sp\u00e9ciales et une \u00e9chographie ou un scanner du ventre sont n\u00e9cessaires pour pouvoir mettre en \u00e9vidence de possibles m\u00e9tastases de la tumeur principale.<\/p>\n\n\n\n<h2 class=\"wp-block-heading\">Traitements<\/h2>\n\n\n\n<p>Le traitement du carcinome du c\u00f4lon demande toujours une ablation compl\u00e8te de la tumeur. A un stade tr\u00e8s pr\u00e9coce, il peut consister en une r\u00e9section locale. En pr\u00e9sence de tumeurs plus grosses, il est n\u00e9cessaire d&rsquo;enlever une partie de l&rsquo;intestin. De plus, il faut enlever toutes les voies lymphatiques de la section de c\u00f4lon concern\u00e9e. Selon le stade de la tumeur et des r\u00e9sultats des analyses (histologie), il faut discuter, apr\u00e8s l&rsquo;op\u00e9ration, d&rsquo;une \u00e9ventuelle chimioth\u00e9rapie. Le protocole est discut\u00e9 pour chaque patiente et chaque patient au cours d&rsquo;une r\u00e9union d&rsquo;experts (tumor board).<\/p>\n","protected":false},"template":"","sht_areas_category":[46],"class_list":["post-5332","sht_areas","type-sht_areas","status-publish","hentry"],"acf":[],"yoast_head":"<!-- This site is optimized with the Yoast SEO plugin v27.5 - https:\/\/yoast.com\/product\/yoast-seo-wordpress\/ -->\n<title>Cancer du c\u00f4lon (carcinome du c\u00f4lon) &#8211; Espace Chirurgie<\/title>\n<meta name=\"robots\" content=\"index, follow, max-snippet:-1, max-image-preview:large, max-video-preview:-1\" \/>\n<link rel=\"canonical\" href=\"https:\/\/espace-chirurgie.ch\/fr\/arbeitsgebiet\/cancer-du-colon-carcinome-du-colon-2\/\" \/>\n<meta property=\"og:locale\" content=\"fr_FR\" \/>\n<meta property=\"og:type\" content=\"article\" \/>\n<meta property=\"og:title\" content=\"Cancer du c\u00f4lon (carcinome du c\u00f4lon) &#8211; Espace Chirurgie\" \/>\n<meta property=\"og:description\" content=\"Le cancer du c\u00f4lon fait partie des tumeurs malignes les plus fr\u00e9quentes de l&rsquo;adulte. La...\" \/>\n<meta property=\"og:url\" content=\"https:\/\/espace-chirurgie.ch\/fr\/arbeitsgebiet\/cancer-du-colon-carcinome-du-colon-2\/\" \/>\n<meta property=\"og:site_name\" content=\"Espace Chirurgie\" \/>\n<meta property=\"article:publisher\" content=\"https:\/\/www.facebook.com\/espacechirurgie\" \/>\n<meta property=\"article:modified_time\" content=\"2026-01-12T09:29:27+00:00\" \/>\n<meta name=\"twitter:card\" content=\"summary_large_image\" \/>\n<meta name=\"twitter:label1\" content=\"Dur\u00e9e de lecture estim\u00e9e\" \/>\n\t<meta name=\"twitter:data1\" content=\"2 minutes\" \/>\n<script type=\"application\/ld+json\" class=\"yoast-schema-graph\">{\"@context\":\"https:\\\/\\\/schema.org\",\"@graph\":[{\"@type\":\"WebPage\",\"@id\":\"https:\\\/\\\/espace-chirurgie.ch\\\/fr\\\/arbeitsgebiet\\\/cancer-du-colon-carcinome-du-colon-2\\\/\",\"url\":\"https:\\\/\\\/espace-chirurgie.ch\\\/fr\\\/arbeitsgebiet\\\/cancer-du-colon-carcinome-du-colon-2\\\/\",\"name\":\"Cancer du c\u00f4lon (carcinome du c\u00f4lon) &#8211; Espace Chirurgie\",\"isPartOf\":{\"@id\":\"https:\\\/\\\/espace-chirurgie.ch\\\/fr\\\/#website\"},\"datePublished\":\"2026-01-12T09:29:26+00:00\",\"dateModified\":\"2026-01-12T09:29:27+00:00\",\"breadcrumb\":{\"@id\":\"https:\\\/\\\/espace-chirurgie.ch\\\/fr\\\/arbeitsgebiet\\\/cancer-du-colon-carcinome-du-colon-2\\\/#breadcrumb\"},\"inLanguage\":\"fr-FR\",\"potentialAction\":[{\"@type\":\"ReadAction\",\"target\":[\"https:\\\/\\\/espace-chirurgie.ch\\\/fr\\\/arbeitsgebiet\\\/cancer-du-colon-carcinome-du-colon-2\\\/\"]}]},{\"@type\":\"BreadcrumbList\",\"@id\":\"https:\\\/\\\/espace-chirurgie.ch\\\/fr\\\/arbeitsgebiet\\\/cancer-du-colon-carcinome-du-colon-2\\\/#breadcrumb\",\"itemListElement\":[{\"@type\":\"ListItem\",\"position\":1,\"name\":\"Startseite\",\"item\":\"https:\\\/\\\/espace-chirurgie.ch\\\/fr\\\/\"},{\"@type\":\"ListItem\",\"position\":2,\"name\":\"Cancer du c\u00f4lon (carcinome du c\u00f4lon)\"}]},{\"@type\":\"WebSite\",\"@id\":\"https:\\\/\\\/espace-chirurgie.ch\\\/fr\\\/#website\",\"url\":\"https:\\\/\\\/espace-chirurgie.ch\\\/fr\\\/\",\"name\":\"Espace Chirurgie\",\"description\":\"Zentrum mit modernster und qualitativ hochwertiger chirurgischer Behandlung.\",\"publisher\":{\"@id\":\"https:\\\/\\\/espace-chirurgie.ch\\\/fr\\\/#organization\"},\"potentialAction\":[{\"@type\":\"SearchAction\",\"target\":{\"@type\":\"EntryPoint\",\"urlTemplate\":\"https:\\\/\\\/espace-chirurgie.ch\\\/fr\\\/?s={search_term_string}\"},\"query-input\":{\"@type\":\"PropertyValueSpecification\",\"valueRequired\":true,\"valueName\":\"search_term_string\"}}],\"inLanguage\":\"fr-FR\"},{\"@type\":\"Organization\",\"@id\":\"https:\\\/\\\/espace-chirurgie.ch\\\/fr\\\/#organization\",\"name\":\"Espace Chirurgie\",\"url\":\"https:\\\/\\\/espace-chirurgie.ch\\\/fr\\\/\",\"logo\":{\"@type\":\"ImageObject\",\"inLanguage\":\"fr-FR\",\"@id\":\"https:\\\/\\\/espace-chirurgie.ch\\\/fr\\\/#\\\/schema\\\/logo\\\/image\\\/\",\"url\":\"https:\\\/\\\/espace-chirurgie.ch\\\/wp-content\\\/uploads\\\/2019\\\/06\\\/espace-chirurgie-logo.svg\",\"contentUrl\":\"https:\\\/\\\/espace-chirurgie.ch\\\/wp-content\\\/uploads\\\/2019\\\/06\\\/espace-chirurgie-logo.svg\",\"width\":403,\"height\":86,\"caption\":\"Espace Chirurgie\"},\"image\":{\"@id\":\"https:\\\/\\\/espace-chirurgie.ch\\\/fr\\\/#\\\/schema\\\/logo\\\/image\\\/\"},\"sameAs\":[\"https:\\\/\\\/www.facebook.com\\\/espacechirurgie\",\"https:\\\/\\\/www.linkedin.com\\\/company\\\/espace-chirurgie\\\/\"]}]}<\/script>\n<!-- \/ Yoast SEO plugin. -->","yoast_head_json":{"title":"Cancer du c\u00f4lon (carcinome du c\u00f4lon) &#8211; Espace Chirurgie","robots":{"index":"index","follow":"follow","max-snippet":"max-snippet:-1","max-image-preview":"max-image-preview:large","max-video-preview":"max-video-preview:-1"},"canonical":"https:\/\/espace-chirurgie.ch\/fr\/arbeitsgebiet\/cancer-du-colon-carcinome-du-colon-2\/","og_locale":"fr_FR","og_type":"article","og_title":"Cancer du c\u00f4lon (carcinome du c\u00f4lon) &#8211; Espace Chirurgie","og_description":"Le cancer du c\u00f4lon fait partie des tumeurs malignes les plus fr\u00e9quentes de l&rsquo;adulte. La...","og_url":"https:\/\/espace-chirurgie.ch\/fr\/arbeitsgebiet\/cancer-du-colon-carcinome-du-colon-2\/","og_site_name":"Espace Chirurgie","article_publisher":"https:\/\/www.facebook.com\/espacechirurgie","article_modified_time":"2026-01-12T09:29:27+00:00","twitter_card":"summary_large_image","twitter_misc":{"Dur\u00e9e de lecture estim\u00e9e":"2 minutes"},"schema":{"@context":"https:\/\/schema.org","@graph":[{"@type":"WebPage","@id":"https:\/\/espace-chirurgie.ch\/fr\/arbeitsgebiet\/cancer-du-colon-carcinome-du-colon-2\/","url":"https:\/\/espace-chirurgie.ch\/fr\/arbeitsgebiet\/cancer-du-colon-carcinome-du-colon-2\/","name":"Cancer du c\u00f4lon (carcinome du c\u00f4lon) &#8211; Espace Chirurgie","isPartOf":{"@id":"https:\/\/espace-chirurgie.ch\/fr\/#website"},"datePublished":"2026-01-12T09:29:26+00:00","dateModified":"2026-01-12T09:29:27+00:00","breadcrumb":{"@id":"https:\/\/espace-chirurgie.ch\/fr\/arbeitsgebiet\/cancer-du-colon-carcinome-du-colon-2\/#breadcrumb"},"inLanguage":"fr-FR","potentialAction":[{"@type":"ReadAction","target":["https:\/\/espace-chirurgie.ch\/fr\/arbeitsgebiet\/cancer-du-colon-carcinome-du-colon-2\/"]}]},{"@type":"BreadcrumbList","@id":"https:\/\/espace-chirurgie.ch\/fr\/arbeitsgebiet\/cancer-du-colon-carcinome-du-colon-2\/#breadcrumb","itemListElement":[{"@type":"ListItem","position":1,"name":"Startseite","item":"https:\/\/espace-chirurgie.ch\/fr\/"},{"@type":"ListItem","position":2,"name":"Cancer du c\u00f4lon (carcinome du c\u00f4lon)"}]},{"@type":"WebSite","@id":"https:\/\/espace-chirurgie.ch\/fr\/#website","url":"https:\/\/espace-chirurgie.ch\/fr\/","name":"Espace Chirurgie","description":"Zentrum mit modernster und qualitativ hochwertiger chirurgischer Behandlung.","publisher":{"@id":"https:\/\/espace-chirurgie.ch\/fr\/#organization"},"potentialAction":[{"@type":"SearchAction","target":{"@type":"EntryPoint","urlTemplate":"https:\/\/espace-chirurgie.ch\/fr\/?s={search_term_string}"},"query-input":{"@type":"PropertyValueSpecification","valueRequired":true,"valueName":"search_term_string"}}],"inLanguage":"fr-FR"},{"@type":"Organization","@id":"https:\/\/espace-chirurgie.ch\/fr\/#organization","name":"Espace Chirurgie","url":"https:\/\/espace-chirurgie.ch\/fr\/","logo":{"@type":"ImageObject","inLanguage":"fr-FR","@id":"https:\/\/espace-chirurgie.ch\/fr\/#\/schema\/logo\/image\/","url":"https:\/\/espace-chirurgie.ch\/wp-content\/uploads\/2019\/06\/espace-chirurgie-logo.svg","contentUrl":"https:\/\/espace-chirurgie.ch\/wp-content\/uploads\/2019\/06\/espace-chirurgie-logo.svg","width":403,"height":86,"caption":"Espace Chirurgie"},"image":{"@id":"https:\/\/espace-chirurgie.ch\/fr\/#\/schema\/logo\/image\/"},"sameAs":["https:\/\/www.facebook.com\/espacechirurgie","https:\/\/www.linkedin.com\/company\/espace-chirurgie\/"]}]}},"_links":{"self":[{"href":"https:\/\/espace-chirurgie.ch\/fr\/wp-json\/wp\/v2\/sht_areas\/5332","targetHints":{"allow":["GET"]}}],"collection":[{"href":"https:\/\/espace-chirurgie.ch\/fr\/wp-json\/wp\/v2\/sht_areas"}],"about":[{"href":"https:\/\/espace-chirurgie.ch\/fr\/wp-json\/wp\/v2\/types\/sht_areas"}],"version-history":[{"count":1,"href":"https:\/\/espace-chirurgie.ch\/fr\/wp-json\/wp\/v2\/sht_areas\/5332\/revisions"}],"predecessor-version":[{"id":5333,"href":"https:\/\/espace-chirurgie.ch\/fr\/wp-json\/wp\/v2\/sht_areas\/5332\/revisions\/5333"}],"wp:attachment":[{"href":"https:\/\/espace-chirurgie.ch\/fr\/wp-json\/wp\/v2\/media?parent=5332"}],"wp:term":[{"taxonomy":"sht_areas_category","embeddable":true,"href":"https:\/\/espace-chirurgie.ch\/fr\/wp-json\/wp\/v2\/sht_areas_category?post=5332"}],"curies":[{"name":"wp","href":"https:\/\/api.w.org\/{rel}","templated":true}]}}